{"id":416,"date":"2021-06-22T11:33:57","date_gmt":"2021-06-22T09:33:57","guid":{"rendered":"https:\/\/venezia.webdiocesi.it\/pastorale-salute\/?page_id=416"},"modified":"2025-05-14T10:54:24","modified_gmt":"2025-05-14T08:54:24","slug":"home","status":"publish","type":"page","link":"https:\/\/www.patriarcatovenezia.it\/vocazioni\/","title":{"rendered":"Home"},"content":{"rendered":"<div id=\"pl-416\"  class=\"panel-layout\" ><div id=\"pg-416-0\"  class=\"panel-grid panel-has-style\" ><div class=\"container g-3 panel-row-style panel-row-style-for-416-0\" ><div id=\"pgc-416-0-0\"  class=\"panel-grid-cell\" ><div id=\"panel-416-0-0-0\" class=\"so-panel widget widget_bso-so-widget-all-in-one panel-first-child panel-last-child\" data-index=\"0\" ><div\n\t\t\t\n\t\t\tclass=\"so-widget-bso-so-widget-all-in-one so-widget-bso-so-widget-all-in-one-default-d75171398898-416\"\n\t\t\t\n\t\t><div class=\"antenews\"><h3 class=\"titlebox\">Notizie dall'ufficio<\/h3>\n<div class=\"contenuto py-3\">                             <div class=\"item row g-3 mx-3 mb-3 pb-3\">\n<div class=\"miniatura col-12 col-md-6 col-lg-4 \"><img decoding=\"async\" src=\"https:\/\/www.patriarcatovenezia.it\/vocazioni\/wp-content\/uploads\/sites\/11\/2026\/04\/GdS_2026_Locandina_comp-212x300.jpg\" \/><\/div>\n<div class=\"col-12 col-md-6 col-lg-8\">\n<a href=\"https:\/\/www.patriarcatovenezia.it\/vocazioni\/2026\/04\/27\/giornata-del-seminario-3\/\">\n<h3 class=\"occhiello\">Domenica 3 maggio<\/h3>\n<h1 class=\"entry-title\">Giornata del Seminario<\/h1>\n<h2 class=\"sottotitolo\">\"Vi ho chiamato amici\"<\/h2>\n<p class=\"summary\">Nella nostra Diocesi sar\u00e0 celebrata Domenica 3 maggio la giornata di preghiera, conoscenza e sostegno del Seminario Diocesano. Mettiamo a disposizione il Messaggio del Patriarca Francesco e qualche materiale che pu\u00f2 essere utile per preparare questo appuntamento.<\/p>\n<\/a>\n<\/div>\n<\/div>\n                                                       <div class=\"item row g-3 mx-3 mb-3 pb-3\">\n<div class=\"miniatura col-12 col-md-6 col-lg-4 \"><img decoding=\"async\" src=\"https:\/\/www.patriarcatovenezia.it\/vocazioni\/wp-content\/uploads\/sites\/11\/2026\/04\/Giornata-vocazioni-2026-196x300.jpg\" \/><\/div>\n<div class=\"col-12 col-md-6 col-lg-8\">\n<a href=\"https:\/\/www.patriarcatovenezia.it\/vocazioni\/2026\/04\/24\/giornata-mondiale-per-le-vocazioni\/\">\n<h3 class=\"occhiello\">26 aprile 2026<\/h3>\n<h1 class=\"entry-title\">Giornata Mondiale per le Vocazioni<\/h1>\n<h2 class=\"sottotitolo\">\"Aspirate alla santit\u00e0, ovunque siate\"<\/h2>\n<p class=\"summary\">Si celebra nella IV domenica di Pasqua, detta \u201cdomenica del buon Pastore\u201d, la LXIII Giornata Mondiale di Preghiera per le Vocazioni. Il tema di quest&#8217;anno \u00e8 &#8220;Aspirate alla santit\u00e0, ovunque siate&#8221; (Leone XIV, Omelia, Tor Vergata, 3 agosto 2025). Alleghiamo tutti i materiali per vivere in parrocchia e in&hellip;<\/p>\n<\/a>\n<\/div>\n<\/div>\n                                                       <div class=\"item row g-3 mx-3 mb-3 pb-3\">\n<div class=\"miniatura col-12 col-md-6 col-lg-4 \"><img decoding=\"async\" src=\"https:\/\/www.patriarcatovenezia.it\/vocazioni\/wp-content\/uploads\/sites\/11\/2023\/04\/vocazione2-300x169.jpg\" \/><\/div>\n<div class=\"col-12 col-md-6 col-lg-8\">\n<a href=\"https:\/\/www.patriarcatovenezia.it\/vocazioni\/2026\/03\/05\/sussidio-di-preghiera-per-le-vocazioni-2\/\">\n<h3 class=\"occhiello\">Marzo 2026<\/h3>\n<h1 class=\"entry-title\">Sussidio di preghiera per le vocazioni<\/h1>\n<h2 class=\"sottotitolo\">Visione soprannaturale<\/h2>\n<p class=\"summary\">Avere una visione soprannaturale non significa sfuggire dalla realt\u00e0, ma imparare a riconoscere l\u2019azione di Dio negli eventi concreti di ogni giorno; uno sguardo che non si improvvisa n\u00e9 si delega, ma che si apprende e si esercita nelle circostanze ordinarie della vita. Preghiamo nelle nostre comunit\u00e0 e nei nostri&hellip;<\/p>\n<\/a>\n<\/div>\n<\/div>\n                                                       <div class=\"item row g-3 mx-3 mb-3 pb-3\">\n<div class=\"miniatura col-12 col-md-6 col-lg-4 \"><img decoding=\"async\" src=\"https:\/\/www.patriarcatovenezia.it\/vocazioni\/wp-content\/uploads\/sites\/11\/2026\/02\/ElZagheto-300x223.jpg\" \/><\/div>\n<div class=\"col-12 col-md-6 col-lg-8\">\n<a href=\"https:\/\/www.patriarcatovenezia.it\/vocazioni\/2026\/02\/27\/el-zagheto-2\/\">\n<h3 class=\"occhiello\">Gennaio-febbraio 2026<\/h3>\n<h1 class=\"entry-title\">El Zagheto<\/h1>\n<h2 class=\"sottotitolo\">Il giornalino dei ministranti<\/h2>\n<p class=\"summary\">In questo numero del periodico dei ministranti della diocesi di Venezia troviamo S. Luigi Gonzaga, San Girolamo, l&#8217;esperienza del servizio liturgico del seminarista Lorenzo nella parrocchia di Ol Moran (Kenya) e la spiegazione di una veste particolare, il &#8220;Velo Omerale&#8221;. Buona lettura!&hellip;<\/p>\n<\/a>\n<\/div>\n<\/div>\n                                                       <div class=\"item row g-3 mx-3 mb-3 pb-3\">\n<div class=\"miniatura col-12 col-md-6 col-lg-4 \"><img decoding=\"async\" src=\"https:\/\/www.patriarcatovenezia.it\/vocazioni\/wp-content\/uploads\/sites\/11\/2024\/05\/Villa-San-Vito-300x188.jpg\" \/><\/div>\n<div class=\"col-12 col-md-6 col-lg-8\">\n<a href=\"https:\/\/www.patriarcatovenezia.it\/vocazioni\/2026\/02\/11\/campi-di-orientamento-vocazionale-2\/\">\n<h3 class=\"occhiello\">Agosto 2026<\/h3>\n<h1 class=\"entry-title\">Campi di orientamento vocazionale<\/h1>\n<h2 class=\"sottotitolo\">San Vito di Cadore<\/h2>\n<p class=\"summary\">Ad agosto si svolgeranno i campi estivi promossi insieme al Seminario Patriarcale di Venezia presso Villa &#8220;Maria Ausiliatrice&#8221; a San Vito di Cadore. A breve forniremo le schede di iscrizione e tutte le informazioni. I campi saranno due: uno per ragazzi e giovani in discernimento e uno per i ministranti:&hellip;<\/p>\n<\/a>\n<\/div>\n<\/div>\n                                                       <div class=\"item row g-3 mx-3 mb-3 pb-3\">\n<div class=\"miniatura col-12 col-md-6 col-lg-4 \"><img decoding=\"async\" src=\"https:\/\/www.patriarcatovenezia.it\/vocazioni\/wp-content\/uploads\/sites\/11\/2026\/02\/Pellegrinaggio-Primo-maggio-26_comp_page-0001-196x300.jpg\" \/><\/div>\n<div class=\"col-12 col-md-6 col-lg-8\">\n<a href=\"https:\/\/www.patriarcatovenezia.it\/vocazioni\/2026\/02\/11\/gita-del-primo-maggio\/\">\n<h3 class=\"occhiello\">Castiglione delle Stiviere<\/h3>\n<h1 class=\"entry-title\">Gita del primo maggio<\/h1>\n<h2 class=\"sottotitolo\">Per tutti i ministranti<\/h2>\n<p class=\"summary\">Il prossimo primo maggio si terr\u00e0 la tradizionale gita dei ministranti. M\u00e9ta di quest&#8217;anno Castiglione delle Stiviere dove si celebrer\u00e0 il trecentesimo anniversario della canonizzazione di uno dei patroni dei chierichetti: San Luigi Gonzaga. Oltre alla Santa Messa con il Patriarca Francesco vivremo una giornata di giochi e tornei e&hellip;<\/p>\n<\/a>\n<\/div>\n<\/div>\n                           <div class=\"archiviolink text-end m-3\"><a href=\"\/vocazioni\/category\/news\/\">Tutte le news<\/a><\/div>\n<\/div><\/div><\/div><\/div><\/div><div id=\"pgc-416-0-1\"  class=\"panel-grid-cell\" ><div id=\"panel-416-0-1-0\" class=\"so-panel widget widget_sow-editor panel-first-child\" data-index=\"1\" ><div class=\"contattibox panel-widget-style panel-widget-style-for-416-0-1-0\" ><div\n\t\t\t\n\t\t\tclass=\"so-widget-sow-editor so-widget-sow-editor-base\"\n\t\t\t\n\t\t><h3 class=\"widget-title\">Contatti<\/h3>\n<div class=\"siteorigin-widget-tinymce textwidget\">\n\t<p><strong>Direttore<\/strong><br \/>\nZANE don MARCO<br \/>\nTel. 041-27439111<br \/>\nMail: vocazioni.venezia@gmail.com<br \/>\nSocial:\u00a0<a href=\"https:\/\/www.facebook.com\/vocazionivenezia\">Facebook<\/a><\/p>\n<\/div>\n<\/div><\/div><\/div><div id=\"panel-416-0-1-1\" class=\"so-panel widget widget_bso-so-widget-all-in-one panel-last-child\" data-index=\"2\" ><div\n\t\t\t\n\t\t\tclass=\"so-widget-bso-so-widget-all-in-one so-widget-bso-so-widget-all-in-one-default-d75171398898-938\"\n\t\t\t\n\t\t><div class=\"my-5 antepage\">                             <div class=\"item\">\n<a href=\"https:\/\/www.patriarcatovenezia.it\/vocazioni\/2026\/04\/27\/giornata-del-seminario-3\/\"><h1 class=\"entry-title\">Giornata del Seminario<\/h1><\/a>\n<div class=\"miniatura mb-3\"><a href=\"https:\/\/www.patriarcatovenezia.it\/vocazioni\/2026\/04\/27\/giornata-del-seminario-3\/\"><img decoding=\"async\" src=\"https:\/\/www.patriarcatovenezia.it\/vocazioni\/wp-content\/uploads\/sites\/11\/2026\/04\/GdS_2026_Locandina_comp-212x300.jpg\" \/><\/a><\/div>\n<h2 class=\"sottotitolo\">\"Vi ho chiamato amici\"<\/h2>\n<p class=\"summary\">Nella nostra Diocesi sar\u00e0 celebrata Domenica 3 maggio la giornata di preghiera, conoscenza e sostegno del Seminario Diocesano. Mettiamo a&hellip;<\/p>\n\t\t\t\t<ul class=\"bso-attachments\">\n\t\t\t\t\t\t<li>\n\t\t\t\t<a href=\"https:\/\/www.patriarcatovenezia.it\/vocazioni\/wp-content\/uploads\/sites\/11\/2026\/04\/GdS_2026_lettera-parroci.docx\" target=\"_blank\" class=\"article_attachment_link\">\n\t\t\t\t\tGdS_2026_lettera parroci\t\t\t\t<\/a>\n\t\t\t<\/li>\n\t\t\t\t\t\t<li>\n\t\t\t\t<a href=\"https:\/\/www.patriarcatovenezia.it\/vocazioni\/wp-content\/uploads\/sites\/11\/2026\/04\/GdS_2026_lettera-parroci.pdf\" target=\"_blank\" class=\"article_attachment_link\">\n\t\t\t\t\tGdS_2026_lettera parroci\t\t\t\t<\/a>\n\t\t\t<\/li>\n\t\t\t\t\t\t<li>\n\t\t\t\t<a href=\"https:\/\/www.patriarcatovenezia.it\/vocazioni\/wp-content\/uploads\/sites\/11\/2026\/04\/GdS_2026_Messaggio-Patriarca.docx\" target=\"_blank\" class=\"article_attachment_link\">\n\t\t\t\t\tGdS_2026_Messaggio Patriarca\t\t\t\t<\/a>\n\t\t\t<\/li>\n\t\t\t\t\t\t<li>\n\t\t\t\t<a href=\"https:\/\/www.patriarcatovenezia.it\/vocazioni\/wp-content\/uploads\/sites\/11\/2026\/04\/GdS_2026_Messaggio-Patriarca.pdf\" target=\"_blank\" class=\"article_attachment_link\">\n\t\t\t\t\tGdS_2026_Messaggio Patriarca\t\t\t\t<\/a>\n\t\t\t<\/li>\n\t\t\t\t\t\t<li>\n\t\t\t\t<a href=\"https:\/\/www.patriarcatovenezia.it\/vocazioni\/wp-content\/uploads\/sites\/11\/2026\/04\/GdS_2026-Adorazione-Eucaristica.docx\" target=\"_blank\" class=\"article_attachment_link\">\n\t\t\t\t\tGdS_2026-Adorazione Eucaristica\t\t\t\t<\/a>\n\t\t\t<\/li>\n\t\t\t\t\t\t<li>\n\t\t\t\t<a href=\"https:\/\/www.patriarcatovenezia.it\/vocazioni\/wp-content\/uploads\/sites\/11\/2026\/04\/GdS_2026_Locandina_comp.pdf\" target=\"_blank\" class=\"article_attachment_link\">\n\t\t\t\t\tGdS_2026_Locandina_comp\t\t\t\t<\/a>\n\t\t\t<\/li>\n\t\t\t\t\t<\/ul>\n\t<\/a>\n<\/div>\n                           <\/div><\/div><\/div><\/div><\/div><\/div><\/div>","protected":false},"excerpt":{"rendered":"<p>Contatti Direttore ZANE don MARCO Tel. 041-27439111 Mail: vocazioni.venezia@gmail.com Social:\u00a0Facebook<\/p>\n","protected":false},"author":0,"featured_media":0,"parent":0,"menu_order":0,"comment_status":"closed","ping_status":"closed","template":"","meta":{"_acf_changed":false,"ip_address":"","user_agent":"","level":"","revision":"","cookie_id":"","page_referer":"","html_form":"","footnotes":""},"class_list":["post-416","page","type-page","status-publish","hentry"],"acf":[],"_links":{"self":[{"href":"https:\/\/www.patriarcatovenezia.it\/vocazioni\/wp-json\/wp\/v2\/pages\/416"}],"collection":[{"href":"https:\/\/www.patriarcatovenezia.it\/vocazioni\/wp-json\/wp\/v2\/pages"}],"about":[{"href":"https:\/\/www.patriarcatovenezia.it\/vocazioni\/wp-json\/wp\/v2\/types\/page"}],"author":[{"embeddable":true,"href":"https:\/\/www.patriarcatovenezia.it\/vocazioni\/wp-json\/wp\/v2\/users\/10"}],"replies":[{"embeddable":true,"href":"https:\/\/www.patriarcatovenezia.it\/vocazioni\/wp-json\/wp\/v2\/comments?post=416"}],"version-history":[{"count":17,"href":"https:\/\/www.patriarcatovenezia.it\/vocazioni\/wp-json\/wp\/v2\/pages\/416\/revisions"}],"predecessor-version":[{"id":873,"href":"https:\/\/www.patriarcatovenezia.it\/vocazioni\/wp-json\/wp\/v2\/pages\/416\/revisions\/873"}],"wp:attachment":[{"href":"https:\/\/www.patriarcatovenezia.it\/vocazioni\/wp-json\/wp\/v2\/media?parent=416"}],"curies":[{"name":"wp","href":"https:\/\/api.w.org\/{rel}","templated":true}]}}