{"id":1888,"date":"2024-12-11T14:52:08","date_gmt":"2024-12-11T13:52:08","guid":{"rendered":"https:\/\/www.patriarcatovenezia.it\/ufficioliturgico\/?page_id=1888"},"modified":"2025-09-24T10:54:15","modified_gmt":"2025-09-24T08:54:15","slug":"programmazione-liturgico-musicale","status":"publish","type":"page","link":"https:\/\/www.patriarcatovenezia.it\/ufficioliturgico\/scuola-musica-sacra\/proposta-formativa\/programmazione-liturgico-musicale\/","title":{"rendered":"Programmazione liturgico-musicale II"},"content":{"rendered":"<div id=\"pl-1888\"  class=\"panel-layout\" ><div id=\"pg-1888-0\"  class=\"panel-grid panel-no-style\" ><div id=\"pgc-1888-0-0\"  class=\"panel-grid-cell\" ><div id=\"panel-1888-0-0-0\" class=\"so-panel widget widget_sow-editor panel-first-child panel-last-child\" data-index=\"0\" ><div\n\t\t\t\n\t\t\tclass=\"so-widget-sow-editor so-widget-sow-editor-base\"\n\t\t\t\n\t\t>\n<div class=\"siteorigin-widget-tinymce textwidget\">\n\t<hr \/>\n<p>Docente: DON LUCA BIANCAFIOR<\/p>\n<p>Durata del corso: <span style=\"color: #000000;\">10 lezioni online su piattaforma Zoom<\/span><\/p>\n<p>Giorno di lezione:<span style=\"color: #000000;\"> marted\u00ec 20:45-22:15<\/span><\/p>\n<p>Date:<\/p>\n<ol>\n<li>Marted\u00ec 7 ottobre 2025<\/li>\n<li>Marted\u00ec 14 ottobre 2025<\/li>\n<li>Marted\u00ec 21 ottobre 2025<\/li>\n<li>Marted\u00ec 28 ottobre 2025<\/li>\n<li>Marted\u00ec 11 novembre 2025<\/li>\n<li>Marted\u00ec 25 novembre 2025<\/li>\n<li>Marted\u00ec 2 dicembre 2025<\/li>\n<li>Marted\u00ec 9 dicembre 2025<\/li>\n<li>Marted\u00ec 13 gennaio 2026<\/li>\n<li>Marted\u00ec 20 gennaio 2026<\/li>\n<\/ol>\n<p>Prove di valutazione: <span style=\"color: #000000;\">fine gennaio-inizio febbraio 2026 <\/span>(orario e modalit\u00e0 da concordare)<\/p>\n<hr \/>\n<p>PROGRAMMA<\/p>\n<ol>\n<li>Che cos\u2019\u00e8 la liturgia<\/li>\n<li>La musica nella liturgia<\/li>\n<li>Le forme della Musica Liturgica<\/li>\n<li>I riti di introduzione\n<ul>\n<li>il canto introitale<\/li>\n<li>Il Kyrie<\/li>\n<li>Il Gloria<\/li>\n<li>La Colletta<\/li>\n<\/ul>\n<\/li>\n<li>La liturgia della parola\n<ul>\n<li>Il salmo responsoriale<\/li>\n<li>L\u2019alleluia<\/li>\n<li>Le sequenze<\/li>\n<\/ul>\n<\/li>\n<li>la liturgia eucaristica\n<ul>\n<li>l\u2019offertorio<\/li>\n<li>la preghiera eucaristica\n<ul>\n<li>il prefazio<\/li>\n<li>il santo<\/li>\n<li>epiclesi<\/li>\n<li>racconto dell\u2019istituzione<\/li>\n<li>acclamazione anamnetica<\/li>\n<li>anamnesi-offerta<\/li>\n<li>intercessioni<\/li>\n<li>dossologia-amen<\/li>\n<\/ul>\n<\/li>\n<li>i riti di comunione\n<ul>\n<li>La Preghiera del Signore<\/li>\n<li>L\u2019embolismo e la dossologia<\/li>\n<li>Il rito della pace<\/li>\n<li>L\u2019Agnello di Dio<\/li>\n<li>Il canto di comunione<\/li>\n<li>Il canto finale\u2026?<\/li>\n<\/ul>\n<\/li>\n<\/ul>\n<\/li>\n<\/ol>\n<\/div>\n<\/div><\/div><\/div><\/div><div id=\"pg-1888-1\"  class=\"panel-grid panel-no-style\" ><div id=\"pgc-1888-1-0\"  class=\"panel-grid-cell panel-grid-cell-empty\" ><\/div><div id=\"pgc-1888-1-1\"  class=\"panel-grid-cell panel-grid-cell-empty\" ><\/div><div id=\"pgc-1888-1-2\"  class=\"panel-grid-cell panel-grid-cell-empty\" ><\/div><div id=\"pgc-1888-1-3\"  class=\"panel-grid-cell\" ><div id=\"panel-1888-1-3-0\" class=\"so-panel widget widget_sow-image panel-first-child panel-last-child\" data-index=\"1\" ><div\n\t\t\t\n\t\t\tclass=\"so-widget-sow-image so-widget-sow-image-default-8b5b6f678277-1888\"\n\t\t\t\n\t\t>\n\n<div class=\"sow-image-container\">\n\t\t\t<a href=\"https:\/\/www.patriarcatovenezia.it\/ufficioliturgico\/scuola-musica-sacra\/\"\n\t\t\t\t\t>\n\t\t\t<img loading=\"lazy\" decoding=\"async\" src=\"https:\/\/www.patriarcatovenezia.it\/ufficioliturgico\/wp-content\/uploads\/sites\/3\/2025\/09\/Vaiallahomepage.jpg\" width=\"400\" height=\"100\" srcset=\"https:\/\/www.patriarcatovenezia.it\/ufficioliturgico\/wp-content\/uploads\/sites\/3\/2025\/09\/Vaiallahomepage.jpg 400w, https:\/\/www.patriarcatovenezia.it\/ufficioliturgico\/wp-content\/uploads\/sites\/3\/2025\/09\/Vaiallahomepage-300x75.jpg 300w\" sizes=\"(max-width: 400px) 100vw, 400px\" alt=\"\" \t\tclass=\"so-widget-image\"\/>\n\t<\/a><\/div>\n\n<\/div><\/div><\/div><\/div><\/div>","protected":false},"excerpt":{"rendered":"<p>Docente: DON LUCA BIANCAFIOR Durata del corso: 10 lezioni online su piattaforma Zoom Giorno di lezione: marted\u00ec 20:45-22:15 Date: Marted\u00ec 7 ottobre 2025 Marted\u00ec 14 ottobre 2025 Marted\u00ec 21 ottobre 2025 Marted\u00ec 28 ottobre 2025 Marted\u00ec 11 novembre 2025 Marted\u00ec 25 novembre 2025 Marted\u00ec 2 dicembre 2025 Marted\u00ec 9 dicembre 2025 Marted\u00ec 13 gennaio 2026 [&hellip;]<\/p>\n","protected":false},"author":0,"featured_media":0,"parent":1809,"menu_order":0,"comment_status":"closed","ping_status":"closed","template":"","meta":{"_acf_changed":false,"ip_address":"","user_agent":"","level":"","revision":"","cookie_id":"","page_referer":"","html_form":"","footnotes":""},"class_list":["post-1888","page","type-page","status-publish","hentry"],"acf":[],"_links":{"self":[{"href":"https:\/\/www.patriarcatovenezia.it\/ufficioliturgico\/wp-json\/wp\/v2\/pages\/1888"}],"collection":[{"href":"https:\/\/www.patriarcatovenezia.it\/ufficioliturgico\/wp-json\/wp\/v2\/pages"}],"about":[{"href":"https:\/\/www.patriarcatovenezia.it\/ufficioliturgico\/wp-json\/wp\/v2\/types\/page"}],"author":[{"embeddable":true,"href":"https:\/\/www.patriarcatovenezia.it\/ufficioliturgico\/wp-json\/wp\/v2\/users\/10"}],"replies":[{"embeddable":true,"href":"https:\/\/www.patriarcatovenezia.it\/ufficioliturgico\/wp-json\/wp\/v2\/comments?post=1888"}],"version-history":[{"count":15,"href":"https:\/\/www.patriarcatovenezia.it\/ufficioliturgico\/wp-json\/wp\/v2\/pages\/1888\/revisions"}],"predecessor-version":[{"id":3852,"href":"https:\/\/www.patriarcatovenezia.it\/ufficioliturgico\/wp-json\/wp\/v2\/pages\/1888\/revisions\/3852"}],"up":[{"embeddable":true,"href":"https:\/\/www.patriarcatovenezia.it\/ufficioliturgico\/wp-json\/wp\/v2\/pages\/1809"}],"wp:attachment":[{"href":"https:\/\/www.patriarcatovenezia.it\/ufficioliturgico\/wp-json\/wp\/v2\/media?parent=1888"}],"curies":[{"name":"wp","href":"https:\/\/api.w.org\/{rel}","templated":true}]}}