{"id":66,"date":"2019-10-24T15:36:39","date_gmt":"2019-10-24T13:36:39","guid":{"rendered":"https:\/\/venezia.webdiocesi.it\/ufficio-missionario\/?page_id=66"},"modified":"2025-12-31T13:25:07","modified_gmt":"2025-12-31T12:25:07","slug":"chi-siamo","status":"publish","type":"page","link":"https:\/\/www.patriarcatovenezia.it\/ufficio-missionario\/chi-siamo\/","title":{"rendered":"Chi siamo"},"content":{"rendered":"<div id=\"pl-66\"  class=\"panel-layout\" ><div id=\"pg-66-0\"  class=\"panel-grid panel-no-style\" ><div id=\"pgc-66-0-0\"  class=\"panel-grid-cell\" ><div id=\"panel-66-0-0-0\" class=\"so-panel widget widget_sow-image panel-first-child panel-last-child\" data-index=\"0\" ><div\n\t\t\t\n\t\t\tclass=\"so-widget-sow-image so-widget-sow-image-default-8b5b6f678277-66\"\n\t\t\t\n\t\t>\n\n<div class=\"sow-image-container\">\n\t\t<img loading=\"lazy\" decoding=\"async\" src=\"https:\/\/www.patriarcatovenezia.it\/ufficio-missionario\/wp-content\/uploads\/sites\/15\/2019\/10\/piedi-in-cammino.jpg\" width=\"3280\" height=\"2288\" srcset=\"https:\/\/www.patriarcatovenezia.it\/ufficio-missionario\/wp-content\/uploads\/sites\/15\/2019\/10\/piedi-in-cammino.jpg 3280w, https:\/\/www.patriarcatovenezia.it\/ufficio-missionario\/wp-content\/uploads\/sites\/15\/2019\/10\/piedi-in-cammino-300x209.jpg 300w, https:\/\/www.patriarcatovenezia.it\/ufficio-missionario\/wp-content\/uploads\/sites\/15\/2019\/10\/piedi-in-cammino-768x536.jpg 768w, https:\/\/www.patriarcatovenezia.it\/ufficio-missionario\/wp-content\/uploads\/sites\/15\/2019\/10\/piedi-in-cammino-1024x714.jpg 1024w, https:\/\/www.patriarcatovenezia.it\/ufficio-missionario\/wp-content\/uploads\/sites\/15\/2019\/10\/piedi-in-cammino-1320x921.jpg 1320w\" sizes=\"(max-width: 3280px) 100vw, 3280px\" alt=\"\" \t\tclass=\"so-widget-image\"\/>\n\t<\/div>\n\n<\/div><\/div><\/div><div id=\"pgc-66-0-1\"  class=\"panel-grid-cell\" ><div id=\"panel-66-0-1-0\" class=\"so-panel widget widget_sow-editor panel-first-child panel-last-child\" data-index=\"1\" ><div\n\t\t\t\n\t\t\tclass=\"so-widget-sow-editor so-widget-sow-editor-base\"\n\t\t\t\n\t\t>\n<div class=\"siteorigin-widget-tinymce textwidget\">\n\t<div id=\"id4\" class=\"style_SkipStroke_1 shape-with-text\">\n<div class=\"text-content graphic_textbox_layout_style_default_External_175_469\">\n<div class=\"graphic_textbox_layout_style_default\">\n<h4 class=\"Heading_2\"><strong>Cosa \u00e8 il CMD?<\/strong><\/h4>\n<p class=\"Heading_2\">Intendiamo <span class=\"style_1\">per Ufficio\/Centro Missionario Diocesano una struttura affidata a un responsabile affiancato da una equipe, con il compito di stimolare la comunit\u00e0 diocesana a crescere nella sua identit\u00e0 missionaria. Nel concreto all\u2019Ufficio\/Cen- tro Missionario Diocesano si chiede di: svolgere attivit\u00e0 di animazione e di collegamento delle esperienze missionarie presenti sul territorio; assumere e promuovere iniziative di comunione e scambio tra le Chiese; interagire con gli altri uffici e organismi pastorali per iscrivere ogni attivit\u00e0 diocesana nell'orizzonte missionario\u201d.<\/span><\/p>\n<\/div>\n<\/div>\n<\/div>\n<\/div>\n<\/div><\/div><\/div><\/div><div id=\"pg-66-1\"  class=\"panel-grid panel-no-style\" ><div id=\"pgc-66-1-0\"  class=\"panel-grid-cell\" ><div id=\"panel-66-1-0-0\" class=\"so-panel widget widget_sow-image panel-first-child panel-last-child\" data-index=\"2\" ><div\n\t\t\t\n\t\t\tclass=\"so-widget-sow-image so-widget-sow-image-default-8b5b6f678277-66\"\n\t\t\t\n\t\t>\n\n<div class=\"sow-image-container\">\n\t\t<img loading=\"lazy\" decoding=\"async\" src=\"https:\/\/www.patriarcatovenezia.it\/ufficio-missionario\/wp-content\/uploads\/sites\/15\/2019\/10\/Mani-mondo.jpg\" width=\"1024\" height=\"583\" srcset=\"https:\/\/www.patriarcatovenezia.it\/ufficio-missionario\/wp-content\/uploads\/sites\/15\/2019\/10\/Mani-mondo.jpg 1024w, https:\/\/www.patriarcatovenezia.it\/ufficio-missionario\/wp-content\/uploads\/sites\/15\/2019\/10\/Mani-mondo-300x171.jpg 300w, https:\/\/www.patriarcatovenezia.it\/ufficio-missionario\/wp-content\/uploads\/sites\/15\/2019\/10\/Mani-mondo-768x437.jpg 768w\" sizes=\"(max-width: 1024px) 100vw, 1024px\" alt=\"\" \t\tclass=\"so-widget-image\"\/>\n\t<\/div>\n\n<\/div><\/div><\/div><div id=\"pgc-66-1-1\"  class=\"panel-grid-cell\" ><div id=\"panel-66-1-1-0\" class=\"so-panel widget widget_sow-editor panel-first-child panel-last-child\" data-index=\"3\" ><div\n\t\t\t\n\t\t\tclass=\"so-widget-sow-editor so-widget-sow-editor-base\"\n\t\t\t\n\t\t>\n<div class=\"siteorigin-widget-tinymce textwidget\">\n\t<div id=\"id4\" class=\"style_SkipStroke_1 shape-with-text\">\n<div class=\"text-content graphic_textbox_layout_style_default_External_175_469\">\n<div class=\"graphic_textbox_layout_style_default\">\n<h4 class=\"Heading_2\"><strong>Cosa fa il CMD<\/strong><\/h4>\n<div id=\"id2\" class=\"style_SkipStroke_1 shape-with-text\">\n<div class=\"text-content graphic_textbox_layout_style_default_External_160_224\">\n<p class=\"graphic_textbox_layout_style_default\">Il Centro Missionario Diocesano \u201c\u00e8 lo strumento principale di cui il Vescovo, primo responsabile della vita missionaria della Chiesa particolare, si serve per promuovere, dirigere e coordinare l\u2019attivit\u00e0 missionaria\u201d<\/p>\n<\/div>\n<\/div>\n<div id=\"id3\" class=\"style_SkipStroke_1 shape-with-text\">\n<div class=\"text-content graphic_textbox_layout_style_default_External_243_41\">\n<div class=\"graphic_textbox_layout_style_default\">\n<ul>\n<li class=\"Links\">\u201cpromuove la cooperazione con le altre Chiese del mondo\u201d<\/li>\n<li class=\"Links\"><span class=\"style_1\">coordinare le iniziative (...) a carattere missionario promosse nell\u2019ambito della Diocesi\u201d (3c), sia da un punto di vista catechetico-kerygmatico, sia da un punto di vista vocazionale, e pure da un punto di vista caritativo<\/span><span class=\"style_2\">.<\/span><\/li>\n<\/ul>\n<p><em>Promuove la pastorale missionaria - Giovani in missione \/ <\/em><em>Sostiene i Missionari della Diocesi<\/em><\/p>\n<\/div>\n<\/div>\n<\/div>\n<\/div>\n<\/div>\n<\/div>\n<\/div>\n<\/div><\/div><\/div><\/div><div id=\"pg-66-2\"  class=\"panel-grid panel-no-style\" ><div id=\"pgc-66-2-0\"  class=\"panel-grid-cell\" ><div id=\"panel-66-2-0-0\" class=\"so-panel widget widget_sow-image panel-first-child panel-last-child\" data-index=\"4\" ><div\n\t\t\t\n\t\t\tclass=\"so-widget-sow-image so-widget-sow-image-default-8b5b6f678277-66\"\n\t\t\t\n\t\t>\n\n<div class=\"sow-image-container\">\n\t\t<img loading=\"lazy\" decoding=\"async\" src=\"https:\/\/www.patriarcatovenezia.it\/ufficio-missionario\/wp-content\/uploads\/sites\/15\/2019\/10\/Stretto-di-Messina.jpg\" width=\"2048\" height=\"1365\" srcset=\"https:\/\/www.patriarcatovenezia.it\/ufficio-missionario\/wp-content\/uploads\/sites\/15\/2019\/10\/Stretto-di-Messina.jpg 2048w, https:\/\/www.patriarcatovenezia.it\/ufficio-missionario\/wp-content\/uploads\/sites\/15\/2019\/10\/Stretto-di-Messina-300x200.jpg 300w, https:\/\/www.patriarcatovenezia.it\/ufficio-missionario\/wp-content\/uploads\/sites\/15\/2019\/10\/Stretto-di-Messina-768x512.jpg 768w, https:\/\/www.patriarcatovenezia.it\/ufficio-missionario\/wp-content\/uploads\/sites\/15\/2019\/10\/Stretto-di-Messina-1024x683.jpg 1024w, https:\/\/www.patriarcatovenezia.it\/ufficio-missionario\/wp-content\/uploads\/sites\/15\/2019\/10\/Stretto-di-Messina-1320x880.jpg 1320w\" sizes=\"(max-width: 2048px) 100vw, 2048px\" alt=\"\" \t\tclass=\"so-widget-image\"\/>\n\t<\/div>\n\n<\/div><\/div><\/div><div id=\"pgc-66-2-1\"  class=\"panel-grid-cell\" ><div id=\"panel-66-2-1-0\" class=\"so-panel widget widget_sow-editor panel-first-child panel-last-child\" data-index=\"5\" ><div\n\t\t\t\n\t\t\tclass=\"so-widget-sow-editor so-widget-sow-editor-base\"\n\t\t\t\n\t\t>\n<div class=\"siteorigin-widget-tinymce textwidget\">\n\t<div id=\"id4\" class=\"style_SkipStroke_1 shape-with-text\">\n<div class=\"text-content graphic_textbox_layout_style_default_External_175_469\"><\/div>\n<\/div>\n<div class=\"tinyText stroke_0 shadow_0\">\n<h4 style=\"text-align: left\"><strong>Il Direttore<\/strong><\/h4>\n<\/div>\n<div id=\"id9\" class=\"style_SkipStroke_1 shape-with-text\">\n<div class=\"text-content graphic_textbox_layout_style_default_External_179_322\">\n<div class=\"graphic_textbox_layout_style_default\">\n<p class=\"Links\">Nella Diocesi di Venezia il direttore del CMD \u00e8 Fabio Rossi<\/p>\n<p class=\"Links\"><em>mail:<\/em> ufficiomissioni@patriarcatovenezia.it<\/p>\n<p><span class=\"style_1\">Si avvale della collaborazione di una <strong>commissione detta \u201cEquipe Pastorale Itinerante<\/strong><b>\u201d<\/b>, composta dai rappresentanti in diocesi delle realt\u00e0 che esprimono una particolare vocazione all\u2019annuncio del Vangelo.<\/span><\/p>\n<\/div>\n<\/div>\n<\/div>\n<\/div>\n<\/div><\/div><\/div><\/div><div id=\"pg-66-3\"  class=\"panel-grid panel-no-style\" ><div id=\"pgc-66-3-0\"  class=\"panel-grid-cell\" ><div id=\"panel-66-3-0-0\" class=\"so-panel widget widget_sow-image panel-first-child panel-last-child\" data-index=\"6\" ><div\n\t\t\t\n\t\t\tclass=\"so-widget-sow-image so-widget-sow-image-default-8b5b6f678277-66\"\n\t\t\t\n\t\t>\n\n<div class=\"sow-image-container\">\n\t\t<img loading=\"lazy\" decoding=\"async\" src=\"https:\/\/www.patriarcatovenezia.it\/ufficio-missionario\/wp-content\/uploads\/sites\/15\/2019\/10\/Vademecum.png\" width=\"186\" height=\"271\" sizes=\"(max-width: 186px) 100vw, 186px\" alt=\"\" \t\tclass=\"so-widget-image\"\/>\n\t<\/div>\n\n<\/div><\/div><\/div><div id=\"pgc-66-3-1\"  class=\"panel-grid-cell\" ><div id=\"panel-66-3-1-0\" class=\"so-panel widget widget_sow-editor panel-first-child panel-last-child\" data-index=\"7\" ><div\n\t\t\t\n\t\t\tclass=\"so-widget-sow-editor so-widget-sow-editor-base\"\n\t\t\t\n\t\t>\n<div class=\"siteorigin-widget-tinymce textwidget\">\n\t<div id=\"id4\" class=\"style_SkipStroke_1 shape-with-text\">\n<div class=\"text-content graphic_textbox_layout_style_default_External_175_469\"><\/div>\n<\/div>\n<h4><strong>Vademecum del Centro Missionario Diocesano<\/strong><\/h4>\n<p>Il \u00a0<strong><em>Vademecum del Centro Missionario Diocesano\u00a0<\/em><\/strong>\u00a0\u00e8 una guida pratica, uno strumento operativo \u00a0per orientarsi nel panorama missionario italiano oggi, in grado di rispondere alle domande principali che ogni Centro Missionario Diocesano si pone dinanzi alla necessit\u00e0 di\u00a0<em>mantenere vivo il fuoco della missione<\/em>, senza alcuna pretesa di esaustivit\u00e0, ma nel tentativo di un accompagnamento discreto, conciso, pratico per ogni Chiesa locale. \u00a0Tra i suoi obiettivi vi \u00e8 quello di offrire ai CMD una bussola pi\u00f9 sicura in una societ\u00e0 e in una Chiesa in profonda trasformazione.<br \/>\nIl\u00a0<strong><em>Vademecum del Centro Missionario Diocesano<\/em><\/strong>,\u00e8 \u00a0edito dalla EMI (Editrice Missionaria Italiana) e redatto dall\u2019Ufficio Nazionale per la Cooperazione Missionaria tra le Chiese e dalla Fondazione Missio, a seguito di un lavoro di rete durato oltre un anno, che ha visto coinvolte diverse realt\u00e0 operanti nel variegato panorama missionario nazionale, nei tre ambiti della cooperazione, formazione e animazione.<\/p>\n<p>Il\u00a0<em>Vademecum<\/em>, che si accompagna al nuovo\u00a0<a href=\"https:\/\/missioni.chiesacattolica.it\/wp-content\/uploads\/sites\/22\/2016\/09\/regolamento_cmd.pdf\"><u><strong><em>Schema di Regolamento per i Centri Missionari Diocesani<\/em>\u00a0<\/strong><\/u><\/a>approvato dalla Presidenza della CEI il 13 giugno 2012, vuol essere uno strumento, semplice, ma insieme completo, in grado di rispondere alle domande principali che ogni Centro Missionario Diocesano si pone per il suo compito di promuovere la cooperazione missionaria tra le Chiese: con quali motivazioni muoversi? con quali obiettivi? con quali metodi e strutture operative? Senza alcuna pretesa di esaustivit\u00e0, vuole essere un \"prontuario all'uso\", uno strumento ermeneutico attraverso il quale interpretare i fondamenti della pastorale missionaria.<br \/>\nSi vuole rendere \u00a0partecipi di questo lavoro tutte le Chiese Locali, anzitutto nella persona dei loro Pastori \u2013 primi missionari - e dei rispettivi Centri\/Uffici Missionari, i membri del Consiglio Missionario Nazionale, e tutte le realt\u00e0 che operano in ambito missionario e costituiscono l\u2019anima della missione sul territorio nazionale, a partire dagli Istituti missionari\u00a0<em>ad vitam<\/em>, dagli Istituti religiosi aventi missioni e dagli organismi di volontariato internazionale di ispirazione cattolica.<\/p>\n<ul>\n<li><strong><a href=\"https:\/\/venezia.webdiocesi.it\/ufficio-missionario\/wp-content\/uploads\/sites\/15\/2019\/10\/VademecumCMD.pdf\">VademecumCMD<\/a><\/strong><\/li>\n<li><strong><a href=\"https:\/\/venezia.webdiocesi.it\/ufficio-missionario\/wp-content\/uploads\/sites\/15\/2019\/10\/regolamento_cmd.pdf\">regolamento_cmd<\/a><\/strong><\/li>\n<\/ul>\n<\/div>\n<\/div><\/div><\/div><\/div><\/div>","protected":false},"excerpt":{"rendered":"<p>Cosa \u00e8 il CMD? Intendiamo per Ufficio\/Centro Missionario Diocesano una struttura affidata a un responsabile affiancato da una equipe, con il compito di stimolare la comunit\u00e0 diocesana a crescere nella sua identit\u00e0 missionaria. Nel concreto all\u2019Ufficio\/Cen- tro Missionario Diocesano si chiede di: svolgere attivit\u00e0 di animazione e di collegamento delle esperienze missionarie presenti sul territorio; [&hellip;]<\/p>\n","protected":false},"author":0,"featured_media":0,"parent":0,"menu_order":0,"comment_status":"closed","ping_status":"closed","template":"","meta":{"_acf_changed":false,"ip_address":"","user_agent":"","level":"","revision":"","cookie_id":"","page_referer":"","html_form":"","footnotes":""},"class_list":["post-66","page","type-page","status-publish","hentry"],"acf":[],"_links":{"self":[{"href":"https:\/\/www.patriarcatovenezia.it\/ufficio-missionario\/wp-json\/wp\/v2\/pages\/66"}],"collection":[{"href":"https:\/\/www.patriarcatovenezia.it\/ufficio-missionario\/wp-json\/wp\/v2\/pages"}],"about":[{"href":"https:\/\/www.patriarcatovenezia.it\/ufficio-missionario\/wp-json\/wp\/v2\/types\/page"}],"author":[{"embeddable":true,"href":"https:\/\/www.patriarcatovenezia.it\/ufficio-missionario\/wp-json\/wp\/v2\/users\/10"}],"replies":[{"embeddable":true,"href":"https:\/\/www.patriarcatovenezia.it\/ufficio-missionario\/wp-json\/wp\/v2\/comments?post=66"}],"version-history":[{"count":8,"href":"https:\/\/www.patriarcatovenezia.it\/ufficio-missionario\/wp-json\/wp\/v2\/pages\/66\/revisions"}],"predecessor-version":[{"id":694,"href":"https:\/\/www.patriarcatovenezia.it\/ufficio-missionario\/wp-json\/wp\/v2\/pages\/66\/revisions\/694"}],"wp:attachment":[{"href":"https:\/\/www.patriarcatovenezia.it\/ufficio-missionario\/wp-json\/wp\/v2\/media?parent=66"}],"curies":[{"name":"wp","href":"https:\/\/api.w.org\/{rel}","templated":true}]}}