{"id":4,"date":"2020-11-19T09:34:14","date_gmt":"2020-11-19T08:34:14","guid":{"rendered":"https:\/\/venezia.webdiocesi.it\/servizio-tutela-minori\/?page_id=4"},"modified":"2024-12-18T15:59:56","modified_gmt":"2024-12-18T14:59:56","slug":"home","status":"publish","type":"page","link":"https:\/\/www.patriarcatovenezia.it\/servizio-tutela-minori\/","title":{"rendered":"Home"},"content":{"rendered":"<div id=\"pl-4\"  class=\"panel-layout\" ><div id=\"pg-4-0\"  class=\"panel-grid panel-has-style\" ><div class=\"container g-3 panel-row-style panel-row-style-for-4-0\" ><div id=\"pgc-4-0-0\"  class=\"panel-grid-cell\" ><div id=\"panel-4-0-0-0\" class=\"so-panel widget widget_sow-slider panel-first-child\" data-index=\"0\" ><div\n\t\t\t\n\t\t\tclass=\"so-widget-sow-slider so-widget-sow-slider-default-4e250f1f3f8c-4\"\n\t\t\t\n\t\t>\t\t\t\t<div class=\"sow-slider-base\" style=\"display: none\" tabindex=\"0\">\n\t\t\t\t\t<ul\n\t\t\t\t\tclass=\"sow-slider-images\"\n\t\t\t\t\tdata-settings=\"{&quot;pagination&quot;:true,&quot;speed&quot;:400,&quot;timeout&quot;:8000,&quot;paused&quot;:false,&quot;pause_on_hover&quot;:true,&quot;swipe&quot;:true,&quot;nav_always_show_desktop&quot;:&quot;&quot;,&quot;nav_always_show_mobile&quot;:&quot;&quot;,&quot;breakpoint&quot;:&quot;780px&quot;,&quot;unmute&quot;:false,&quot;anchor&quot;:null}\"\n\t\t\t\t\t\t\t\t\t\tdata-anchor-id=\"\"\n\t\t\t\t>\t\t<li class=\"sow-slider-image\" style=\"visibility: visible;\" >\n\t\t\t\t\t\t<div class=\"sow-slider-image-container\">\n\t\t\t\t<div class=\"sow-slider-image-wrapper\" style=\"max-width: 960px\">\n\t\t\t\t\t\t\t\t\t\t<div class=\"sow-slider-image-foreground-wrapper\">\n\t\t\t\t\t\t<img loading=\"lazy\" decoding=\"async\" width=\"960\" height=\"350\" src=\"https:\/\/www.patriarcatovenezia.it\/servizio-tutela-minori\/wp-content\/uploads\/sites\/16\/2024\/09\/alto1.jpg\" class=\"sow-slider-foreground-image\" alt=\"\" style=\"height: 347px; width: auto;max-height: 350px\" srcset=\"https:\/\/www.patriarcatovenezia.it\/servizio-tutela-minori\/wp-content\/uploads\/sites\/16\/2024\/09\/alto1.jpg 960w, https:\/\/www.patriarcatovenezia.it\/servizio-tutela-minori\/wp-content\/uploads\/sites\/16\/2024\/09\/alto1-300x109.jpg 300w, https:\/\/www.patriarcatovenezia.it\/servizio-tutela-minori\/wp-content\/uploads\/sites\/16\/2024\/09\/alto1-768x280.jpg 768w\" sizes=\"(max-width: 960px) 100vw, 960px\" \/>\t\t\t\t\t<\/div>\n\t\t\t\t\t\t\t\t\t<\/div>\n\t\t\t<\/div>\n\t\t\t\t\t<\/li>\n\t\t\t\t<li class=\"sow-slider-image\" style=\"visibility: hidden;\" >\n\t\t\t\t\t\t<div class=\"sow-slider-image-container\">\n\t\t\t\t<div class=\"sow-slider-image-wrapper\" style=\"max-width: 960px\">\n\t\t\t\t\t\t\t\t\t\t<div class=\"sow-slider-image-foreground-wrapper\">\n\t\t\t\t\t\t<img loading=\"lazy\" decoding=\"async\" width=\"960\" height=\"350\" src=\"https:\/\/www.patriarcatovenezia.it\/servizio-tutela-minori\/wp-content\/uploads\/sites\/16\/2024\/09\/alto2.jpg\" class=\"sow-slider-foreground-image\" alt=\"\" style=\"height: 347px; width: auto;max-height: 350px\" srcset=\"https:\/\/www.patriarcatovenezia.it\/servizio-tutela-minori\/wp-content\/uploads\/sites\/16\/2024\/09\/alto2.jpg 960w, https:\/\/www.patriarcatovenezia.it\/servizio-tutela-minori\/wp-content\/uploads\/sites\/16\/2024\/09\/alto2-300x109.jpg 300w, https:\/\/www.patriarcatovenezia.it\/servizio-tutela-minori\/wp-content\/uploads\/sites\/16\/2024\/09\/alto2-768x280.jpg 768w\" sizes=\"(max-width: 960px) 100vw, 960px\" \/>\t\t\t\t\t<\/div>\n\t\t\t\t\t\t\t\t\t<\/div>\n\t\t\t<\/div>\n\t\t\t\t\t<\/li>\n\t\t\t\t<li class=\"sow-slider-image\" style=\"visibility: hidden;\" >\n\t\t\t\t\t\t<div class=\"sow-slider-image-container\">\n\t\t\t\t<div class=\"sow-slider-image-wrapper\" style=\"max-width: 960px\">\n\t\t\t\t\t\t\t\t\t\t<div class=\"sow-slider-image-foreground-wrapper\">\n\t\t\t\t\t\t<img loading=\"lazy\" decoding=\"async\" width=\"960\" height=\"350\" src=\"https:\/\/www.patriarcatovenezia.it\/servizio-tutela-minori\/wp-content\/uploads\/sites\/16\/2024\/09\/alto3.jpg\" class=\"sow-slider-foreground-image\" alt=\"\" style=\"height: 347px; width: auto;max-height: 350px\" srcset=\"https:\/\/www.patriarcatovenezia.it\/servizio-tutela-minori\/wp-content\/uploads\/sites\/16\/2024\/09\/alto3.jpg 960w, https:\/\/www.patriarcatovenezia.it\/servizio-tutela-minori\/wp-content\/uploads\/sites\/16\/2024\/09\/alto3-300x109.jpg 300w, https:\/\/www.patriarcatovenezia.it\/servizio-tutela-minori\/wp-content\/uploads\/sites\/16\/2024\/09\/alto3-768x280.jpg 768w\" sizes=\"(max-width: 960px) 100vw, 960px\" \/>\t\t\t\t\t<\/div>\n\t\t\t\t\t\t\t\t\t<\/div>\n\t\t\t<\/div>\n\t\t\t\t\t<\/li>\n\t\t\t\t<li class=\"sow-slider-image\" style=\"visibility: hidden;\" >\n\t\t\t\t\t\t<div class=\"sow-slider-image-container\">\n\t\t\t\t<div class=\"sow-slider-image-wrapper\" style=\"max-width: 960px\">\n\t\t\t\t\t\t\t\t\t\t<div class=\"sow-slider-image-foreground-wrapper\">\n\t\t\t\t\t\t<img loading=\"lazy\" decoding=\"async\" width=\"960\" height=\"350\" src=\"https:\/\/www.patriarcatovenezia.it\/servizio-tutela-minori\/wp-content\/uploads\/sites\/16\/2024\/09\/alto4.jpg\" class=\"sow-slider-foreground-image\" alt=\"\" style=\"height: 347px; width: auto;max-height: 350px\" srcset=\"https:\/\/www.patriarcatovenezia.it\/servizio-tutela-minori\/wp-content\/uploads\/sites\/16\/2024\/09\/alto4.jpg 960w, https:\/\/www.patriarcatovenezia.it\/servizio-tutela-minori\/wp-content\/uploads\/sites\/16\/2024\/09\/alto4-300x109.jpg 300w, https:\/\/www.patriarcatovenezia.it\/servizio-tutela-minori\/wp-content\/uploads\/sites\/16\/2024\/09\/alto4-768x280.jpg 768w\" sizes=\"(max-width: 960px) 100vw, 960px\" \/>\t\t\t\t\t<\/div>\n\t\t\t\t\t\t\t\t\t<\/div>\n\t\t\t<\/div>\n\t\t\t\t\t<\/li>\n\t\t\t\t<li class=\"sow-slider-image\" style=\"visibility: hidden;\" >\n\t\t\t\t\t\t<div class=\"sow-slider-image-container\">\n\t\t\t\t<div class=\"sow-slider-image-wrapper\" style=\"max-width: 960px\">\n\t\t\t\t\t\t\t\t\t\t<div class=\"sow-slider-image-foreground-wrapper\">\n\t\t\t\t\t\t<img loading=\"lazy\" decoding=\"async\" width=\"960\" height=\"350\" src=\"https:\/\/www.patriarcatovenezia.it\/servizio-tutela-minori\/wp-content\/uploads\/sites\/16\/2024\/09\/alto5.jpg\" class=\"sow-slider-foreground-image\" alt=\"\" style=\"height: 347px; width: auto;max-height: 350px\" srcset=\"https:\/\/www.patriarcatovenezia.it\/servizio-tutela-minori\/wp-content\/uploads\/sites\/16\/2024\/09\/alto5.jpg 960w, https:\/\/www.patriarcatovenezia.it\/servizio-tutela-minori\/wp-content\/uploads\/sites\/16\/2024\/09\/alto5-300x109.jpg 300w, https:\/\/www.patriarcatovenezia.it\/servizio-tutela-minori\/wp-content\/uploads\/sites\/16\/2024\/09\/alto5-768x280.jpg 768w\" sizes=\"(max-width: 960px) 100vw, 960px\" \/>\t\t\t\t\t<\/div>\n\t\t\t\t\t\t\t\t\t<\/div>\n\t\t\t<\/div>\n\t\t\t\t\t<\/li>\n\t\t<\/ul>\t\t\t\t<ol class=\"sow-slider-pagination\">\n\t\t\t\t\t\t\t\t\t\t\t<li><a href=\"#\" data-goto=\"0\" aria-label=\"display slide 1\"><\/a><\/li>\n\t\t\t\t\t\t\t\t\t\t\t<li><a href=\"#\" data-goto=\"1\" aria-label=\"display slide 2\"><\/a><\/li>\n\t\t\t\t\t\t\t\t\t\t\t<li><a href=\"#\" data-goto=\"2\" aria-label=\"display slide 3\"><\/a><\/li>\n\t\t\t\t\t\t\t\t\t\t\t<li><a href=\"#\" data-goto=\"3\" aria-label=\"display slide 4\"><\/a><\/li>\n\t\t\t\t\t\t\t\t\t\t\t<li><a href=\"#\" data-goto=\"4\" aria-label=\"display slide 5\"><\/a><\/li>\n\t\t\t\t\t\t\t\t\t<\/ol>\n\n\t\t\t\t<div class=\"sow-slide-nav sow-slide-nav-next\">\n\t\t\t\t\t<a href=\"#\" data-goto=\"next\" aria-label=\"next slide\" data-action=\"next\">\n\t\t\t\t\t\t<em class=\"sow-sld-icon-thin-right\"><\/em>\n\t\t\t\t\t<\/a>\n\t\t\t\t<\/div>\n\n\t\t\t\t<div class=\"sow-slide-nav sow-slide-nav-prev\">\n\t\t\t\t\t<a href=\"#\" data-goto=\"previous\" aria-label=\"previous slide\" data-action=\"prev\">\n\t\t\t\t\t\t<em class=\"sow-sld-icon-thin-left\"><\/em>\n\t\t\t\t\t<\/a>\n\t\t\t\t<\/div>\n\t\t\t\t<\/div><\/div><\/div><div id=\"panel-4-0-0-1\" class=\"so-panel widget widget_sow-image\" data-index=\"1\" ><div\n\t\t\t\n\t\t\tclass=\"so-widget-sow-image so-widget-sow-image-default-8b5b6f678277-4\"\n\t\t\t\n\t\t>\n\n<div class=\"sow-image-container\">\n\t\t\t<a href=\"https:\/\/www.patriarcatovenezia.it\/servizio-tutela-minori\/centri-dascolto\/\"\n\t\t\t\t\t>\n\t\t\t<img loading=\"lazy\" decoding=\"async\" src=\"https:\/\/www.patriarcatovenezia.it\/servizio-tutela-minori\/wp-content\/uploads\/sites\/16\/2021\/01\/Centrodascolto_verdepocoacido_round.png\" width=\"1360\" height=\"200\" srcset=\"https:\/\/www.patriarcatovenezia.it\/servizio-tutela-minori\/wp-content\/uploads\/sites\/16\/2021\/01\/Centrodascolto_verdepocoacido_round.png 1360w, https:\/\/www.patriarcatovenezia.it\/servizio-tutela-minori\/wp-content\/uploads\/sites\/16\/2021\/01\/Centrodascolto_verdepocoacido_round-300x44.png 300w, https:\/\/www.patriarcatovenezia.it\/servizio-tutela-minori\/wp-content\/uploads\/sites\/16\/2021\/01\/Centrodascolto_verdepocoacido_round-768x113.png 768w, https:\/\/www.patriarcatovenezia.it\/servizio-tutela-minori\/wp-content\/uploads\/sites\/16\/2021\/01\/Centrodascolto_verdepocoacido_round-1024x151.png 1024w, https:\/\/www.patriarcatovenezia.it\/servizio-tutela-minori\/wp-content\/uploads\/sites\/16\/2021\/01\/Centrodascolto_verdepocoacido_round-1320x194.png 1320w\" sizes=\"(max-width: 1360px) 100vw, 1360px\" title=\"Centro di ascolto\" alt=\"Centro di ascolto\" \t\tclass=\"so-widget-image\"\/>\n\t<\/a><\/div>\n\n<\/div><\/div><div id=\"panel-4-0-0-2\" class=\"so-panel widget widget_sow-image\" data-index=\"2\" ><div\n\t\t\t\n\t\t\tclass=\"so-widget-sow-image so-widget-sow-image-default-8b5b6f678277-4\"\n\t\t\t\n\t\t>\n\n<div class=\"sow-image-container\">\n\t\t\t<a href=\"https:\/\/www.patriarcatovenezia.it\/servizio-tutela-minori\/formazione\/\"\n\t\t\t\t\t>\n\t\t\t<img loading=\"lazy\" decoding=\"async\" src=\"https:\/\/www.patriarcatovenezia.it\/servizio-tutela-minori\/wp-content\/uploads\/sites\/16\/2021\/01\/formazione.png\" width=\"1360\" height=\"200\" srcset=\"https:\/\/www.patriarcatovenezia.it\/servizio-tutela-minori\/wp-content\/uploads\/sites\/16\/2021\/01\/formazione.png 1360w, https:\/\/www.patriarcatovenezia.it\/servizio-tutela-minori\/wp-content\/uploads\/sites\/16\/2021\/01\/formazione-300x44.png 300w, https:\/\/www.patriarcatovenezia.it\/servizio-tutela-minori\/wp-content\/uploads\/sites\/16\/2021\/01\/formazione-768x113.png 768w, https:\/\/www.patriarcatovenezia.it\/servizio-tutela-minori\/wp-content\/uploads\/sites\/16\/2021\/01\/formazione-1024x151.png 1024w, https:\/\/www.patriarcatovenezia.it\/servizio-tutela-minori\/wp-content\/uploads\/sites\/16\/2021\/01\/formazione-1320x194.png 1320w\" sizes=\"(max-width: 1360px) 100vw, 1360px\" title=\"Formazione\" alt=\"Formazione\" \t\tclass=\"so-widget-image\"\/>\n\t<\/a><\/div>\n\n<\/div><\/div><div id=\"panel-4-0-0-3\" class=\"so-panel widget widget_sow-image panel-last-child\" data-index=\"3\" ><div\n\t\t\t\n\t\t\tclass=\"so-widget-sow-image so-widget-sow-image-default-8b5b6f678277-4\"\n\t\t\t\n\t\t>\n\n<div class=\"sow-image-container\">\n\t\t<img loading=\"lazy\" decoding=\"async\" src=\"https:\/\/www.patriarcatovenezia.it\/servizio-tutela-minori\/wp-content\/uploads\/sites\/16\/2021\/01\/cultura.png\" width=\"1360\" height=\"200\" srcset=\"https:\/\/www.patriarcatovenezia.it\/servizio-tutela-minori\/wp-content\/uploads\/sites\/16\/2021\/01\/cultura.png 1360w, https:\/\/www.patriarcatovenezia.it\/servizio-tutela-minori\/wp-content\/uploads\/sites\/16\/2021\/01\/cultura-300x44.png 300w, https:\/\/www.patriarcatovenezia.it\/servizio-tutela-minori\/wp-content\/uploads\/sites\/16\/2021\/01\/cultura-768x113.png 768w, https:\/\/www.patriarcatovenezia.it\/servizio-tutela-minori\/wp-content\/uploads\/sites\/16\/2021\/01\/cultura-1024x151.png 1024w, https:\/\/www.patriarcatovenezia.it\/servizio-tutela-minori\/wp-content\/uploads\/sites\/16\/2021\/01\/cultura-1320x194.png 1320w\" sizes=\"(max-width: 1360px) 100vw, 1360px\" title=\"cultura\" alt=\"cultura\" \t\tclass=\"so-widget-image\"\/>\n\t<\/div>\n\n<\/div><\/div><\/div><div id=\"pgc-4-0-1\"  class=\"panel-grid-cell\" ><div id=\"panel-4-0-1-0\" class=\"so-panel widget widget_sow-editor panel-first-child\" data-index=\"4\" ><div class=\"contattibox panel-widget-style panel-widget-style-for-4-0-1-0\" ><div\n\t\t\t\n\t\t\tclass=\"so-widget-sow-editor so-widget-sow-editor-base\"\n\t\t\t\n\t\t><h3 class=\"widget-title\">Chi siamo<\/h3>\n<div class=\"siteorigin-widget-tinymce textwidget\">\n\t<p><strong>SERVIZIO DIOCESANO PER LA TUTELA DEI MINORI E DELLE PERSONE VULNERABILI<\/strong><\/p>\n<p>Referente: dott. Alvise Patron<\/p>\n<p>tutelaminori@patriarcatovenezia.it<\/p>\n<\/div>\n<\/div><\/div><\/div><div id=\"panel-4-0-1-1\" class=\"so-panel widget widget_bso-so-widget-all-in-one panel-last-child\" data-index=\"5\" ><div\n\t\t\t\n\t\t\tclass=\"so-widget-bso-so-widget-all-in-one so-widget-bso-so-widget-all-in-one-default-d75171398898-4\"\n\t\t\t\n\t\t><div class=\"my-5 antepage\">                             <div class=\"item\">\n<a href=\"https:\/\/www.patriarcatovenezia.it\/servizio-tutela-minori\/centri-dascolto\/\"><h1 class=\"entry-title\">Centro di ascolto<\/h1><\/a>\n<div class=\"miniatura mb-3\"><a href=\"https:\/\/www.patriarcatovenezia.it\/servizio-tutela-minori\/centri-dascolto\/\"><img decoding=\"async\" src=\"https:\/\/www.patriarcatovenezia.it\/servizio-tutela-minori\/wp-content\/uploads\/sites\/16\/2021\/01\/Copia-di-STM_menu-1-300x114.png\" \/><\/a><\/div>\n<h2 class=\"sottotitolo\"><\/h2>\n<p class=\"summary\"><\/p>\n\t<\/a>\n<\/div>\n                           <\/div><\/div><\/div><\/div><\/div><\/div><\/div>","protected":false},"excerpt":{"rendered":"<p>Il centro di ascolto non \u00e8 un servizio di supporto psicologico, ma \u00e8 un servizio ecclesiale con finalit\u00e0 pastorali alle persone che hanno subito un abuso da parte da parte di un membro consacrato o non consacrato della Chiesa.\u00a0\u00c8 la Chiesa che agisce e che interviene con responsabilit\u00e0 e cura nei loro confronti. Accogliere ed [&hellip;]<\/p>\n","protected":false},"author":0,"featured_media":0,"parent":0,"menu_order":0,"comment_status":"closed","ping_status":"closed","template":"","meta":{"_acf_changed":false,"ip_address":"","user_agent":"","level":"","revision":"","cookie_id":"","page_referer":"","html_form":"","footnotes":""},"class_list":["post-4","page","type-page","status-publish","hentry"],"acf":[],"_links":{"self":[{"href":"https:\/\/www.patriarcatovenezia.it\/servizio-tutela-minori\/wp-json\/wp\/v2\/pages\/4"}],"collection":[{"href":"https:\/\/www.patriarcatovenezia.it\/servizio-tutela-minori\/wp-json\/wp\/v2\/pages"}],"about":[{"href":"https:\/\/www.patriarcatovenezia.it\/servizio-tutela-minori\/wp-json\/wp\/v2\/types\/page"}],"author":[{"embeddable":true,"href":"https:\/\/www.patriarcatovenezia.it\/servizio-tutela-minori\/wp-json\/wp\/v2\/users\/17"}],"replies":[{"embeddable":true,"href":"https:\/\/www.patriarcatovenezia.it\/servizio-tutela-minori\/wp-json\/wp\/v2\/comments?post=4"}],"version-history":[{"count":30,"href":"https:\/\/www.patriarcatovenezia.it\/servizio-tutela-minori\/wp-json\/wp\/v2\/pages\/4\/revisions"}],"predecessor-version":[{"id":327,"href":"https:\/\/www.patriarcatovenezia.it\/servizio-tutela-minori\/wp-json\/wp\/v2\/pages\/4\/revisions\/327"}],"wp:attachment":[{"href":"https:\/\/www.patriarcatovenezia.it\/servizio-tutela-minori\/wp-json\/wp\/v2\/media?parent=4"}],"curies":[{"name":"wp","href":"https:\/\/api.w.org\/{rel}","templated":true}]}}