{"id":23,"date":"2015-10-12T13:22:34","date_gmt":"2015-10-12T11:22:34","guid":{"rendered":"https:\/\/venezia.webdiocesi.it\/ufficiotest\/?page_id=23"},"modified":"2026-03-24T13:31:34","modified_gmt":"2026-03-24T12:31:34","slug":"homepage-dellufficio","status":"publish","type":"page","link":"https:\/\/www.patriarcatovenezia.it\/evangelizzazione-e-catechesi\/","title":{"rendered":"Homepage dell&#8217;Ufficio"},"content":{"rendered":"<div id=\"pl-23\"  class=\"panel-layout\" ><div id=\"pg-23-0\"  class=\"panel-grid panel-has-style\" ><div class=\"container g-3 panel-row-style panel-row-style-for-23-0\" ><div id=\"pgc-23-0-0\"  class=\"panel-grid-cell\" ><div id=\"panel-23-0-0-0\" class=\"so-panel widget widget_bso-so-widget-all-in-one panel-first-child panel-last-child\" data-index=\"0\" ><div\n\t\t\t\n\t\t\tclass=\"so-widget-bso-so-widget-all-in-one so-widget-bso-so-widget-all-in-one-default-d75171398898-23\"\n\t\t\t\n\t\t><div class=\"antenews\"><h3 class=\"titlebox\">Notizie dall'ufficio<\/h3>\n<div class=\"contenuto py-3\">                             <div class=\"item row g-3 mx-3 mb-3 pb-3\">\n<div class=\"miniatura col-12 col-md-6 col-lg-4 \"><img decoding=\"async\" src=\"https:\/\/www.patriarcatovenezia.it\/evangelizzazione-e-catechesi\/wp-content\/uploads\/sites\/17\/2026\/03\/catechesi_arte-300x225.jpg\" \/><\/div>\n<div class=\"col-12 col-md-6 col-lg-8\">\n<a href=\"https:\/\/www.patriarcatovenezia.it\/evangelizzazione-e-catechesi\/2026\/03\/24\/2-itinerari-di-fede-e-arte-a-venezia-sulle-orme-di-marco-e-francesco\/\">\n<h3 class=\"occhiello\"><\/h3>\n<h1 class=\"entry-title\">2 itinerari di fede e arte a Venezia&#8230; sulle orme di Marco e Francesco<\/h1>\n<h2 class=\"sottotitolo\"><\/h2>\n<p class=\"summary\">Da met\u00e0 aprile verranno attivati 2 itinerari per gruppi\u00a0(max 25 persone) o anche semplici persone interessate ad approfondire &#8211; attraverso l&#8217;arte &#8211; la fede, l&#8217;eredit\u00e0 e l&#8217;attualit\u00e0 dei santi Marco e Francesco. Gli importanti anniversari che li vedono protagonisti &#8211; 800 anni dalla morte del Poverello di Assisi e 1200&hellip;<\/p>\n<\/a>\n<\/div>\n<\/div>\n                                                       <div class=\"item row g-3 mx-3 mb-3 pb-3\">\n<div class=\"miniatura col-12 col-md-6 col-lg-4 \"><img decoding=\"async\" src=\"https:\/\/www.patriarcatovenezia.it\/evangelizzazione-e-catechesi\/wp-content\/uploads\/sites\/17\/2026\/02\/loc_ritratti_discepolo-214x300.png\" \/><\/div>\n<div class=\"col-12 col-md-6 col-lg-8\">\n<a href=\"https:\/\/www.patriarcatovenezia.it\/evangelizzazione-e-catechesi\/2026\/02\/09\/ritratti-del-discepolo\/\">\n<h3 class=\"occhiello\"><\/h3>\n<h1 class=\"entry-title\">(RI)TRATTI DEL DISCEPOLO<\/h1>\n<h2 class=\"sottotitolo\"><\/h2>\n<p class=\"summary\">Dopo il ciclo di serate in Basilica di San Marco &#8220;La bellezza del Credo&#8221;, si apre una nuova proposta di 7 incontri questa volta ospitati nella chiesa di San Salvador a Venezia. Occasione di approfondimento sul tema del &#8220;discepolato&#8221;, tema diocesano per questo a.p. 2025-2026, attraverso la chiave di accesso&hellip;<\/p>\n<\/a>\n<\/div>\n<\/div>\n                                                       <div class=\"item row g-3 mx-3 mb-3 pb-3\">\n<div class=\"miniatura col-12 col-md-6 col-lg-4 \"><img decoding=\"async\" src=\"https:\/\/www.patriarcatovenezia.it\/evangelizzazione-e-catechesi\/wp-content\/uploads\/sites\/17\/2025\/12\/Incontro_regionale_18gennaio-212x300.jpeg\" \/><\/div>\n<div class=\"col-12 col-md-6 col-lg-8\">\n<a href=\"https:\/\/www.patriarcatovenezia.it\/evangelizzazione-e-catechesi\/2025\/12\/19\/aggiornamento-regionale-per-i-coordinatori-dei-catechisti\/\">\n<h3 class=\"occhiello\"><\/h3>\n<h1 class=\"entry-title\">Aggiornamento &#8220;regionale&#8221; per i coordinatori dei catechisti<\/h1>\n<h2 class=\"sottotitolo\"><\/h2>\n<p class=\"summary\">Domenica 18 gennaio, gli Uffici catechistici del Triveneto hanno predisposto anche quest&#8217;anno una (mezza) giornata di formazione per i coordinatori\/coordinatrici dei catechisti\/catechiste. Per il 2026 \u00e8 parso opportuno offrire un aggiornamento rispetto al Cammino sinodale delle Chiesa in Italia, soprattutto nell&#8217;aspetto della formazione. L&#8217;appuntamento prevede un primo collegamento on-line di&hellip;<\/p>\n<\/a>\n<\/div>\n<\/div>\n                                                       <div class=\"item row g-3 mx-3 mb-3 pb-3\">\n<div class=\"miniatura col-12 col-md-6 col-lg-4 \"><img decoding=\"async\" src=\"https:\/\/www.patriarcatovenezia.it\/evangelizzazione-e-catechesi\/wp-content\/uploads\/sites\/17\/2025\/11\/persone-disabili-2-e1764082167325-232x300.jpeg\" \/><\/div>\n<div class=\"col-12 col-md-6 col-lg-8\">\n<a href=\"https:\/\/www.patriarcatovenezia.it\/evangelizzazione-e-catechesi\/2025\/11\/25\/persone-con-disabilita-nelle-nostre-parrocchie-quale-inclusione\/\">\n<h3 class=\"occhiello\"><\/h3>\n<h1 class=\"entry-title\">Persone con disabilit\u00e0 nelle nostre parrocchie: quale inclusione?<\/h1>\n<h2 class=\"sottotitolo\"><\/h2>\n<p class=\"summary\">Una comunit\u00e0 pu\u00f2 dirsi tale quando davvero \u00e8 accessibile e valorizza tutti, ha una proposta per tutti e tutti si sentono &#8220;a casa&#8221;. Ma quanto riescono ad essere inclusive le nostre comunit\u00e0 parrocchiali? Forse abbiamo un&#8217;attenzione nei confronti dei ragazzi, mentre sono nel cammino dell&#8217;iniziazione cristiana e poi, quando&hellip;<\/p>\n<\/a>\n<\/div>\n<\/div>\n                                                       <div class=\"item row g-3 mx-3 mb-3 pb-3\">\n<div class=\"miniatura col-12 col-md-6 col-lg-4 \"><img decoding=\"async\" src=\"https:\/\/www.patriarcatovenezia.it\/evangelizzazione-e-catechesi\/wp-content\/uploads\/sites\/17\/2025\/11\/loc_IdC2025_agg-212x300.jpg\" \/><\/div>\n<div class=\"col-12 col-md-6 col-lg-8\">\n<a href=\"https:\/\/www.patriarcatovenezia.it\/evangelizzazione-e-catechesi\/2025\/11\/25\/arriva-il-principe-della-pace\/\">\n<h3 class=\"occhiello\"><\/h3>\n<h1 class=\"entry-title\">ARRIVA IL PRINCIPE DELLA PACE<\/h1>\n<h2 class=\"sottotitolo\"><\/h2>\n<p class=\"summary\">DOMENICA 30 NOVEMBRE\u00a0alle\u00a0ore 15:00 &#8211; RITROVO PRESSO IL GRANDE ALBERO DI NATALE di PIAZZA SAN MARCO Prima domenica di Avvento&#8230; BAMBINI e GENITORI pronti in partenza verso San Marco, invitati dal patriarca Francesco a vivere con gioia e nel giusto spirito il tempo che precede il Santo Natale!&hellip;<\/p>\n<\/a>\n<\/div>\n<\/div>\n                                                       <div class=\"item row g-3 mx-3 mb-3 pb-3\">\n<div class=\"miniatura col-12 col-md-6 col-lg-4 \"><img decoding=\"async\" src=\"https:\/\/www.patriarcatovenezia.it\/evangelizzazione-e-catechesi\/wp-content\/uploads\/sites\/17\/2025\/11\/IMG-20251028-WA0031-300x135.jpg\" \/><\/div>\n<div class=\"col-12 col-md-6 col-lg-8\">\n<a href=\"https:\/\/www.patriarcatovenezia.it\/evangelizzazione-e-catechesi\/2025\/11\/12\/convegno-diocesano-dei-catechisti-i-materiali\/\">\n<h3 class=\"occhiello\"><\/h3>\n<h1 class=\"entry-title\">CONVEGNO diocesano dei CATECHISTI &#8211; i materiali<\/h1>\n<h2 class=\"sottotitolo\"><\/h2>\n<p class=\"summary\">Domenica 26 ottobre si \u00e8 svolto, presso l&#8217;Istituto Berna di Mestre, il Convegno diocesano dei catechisti dell&#8217;iniziazione cristiana con tema &#8220;DALLA VISIONE AL COINVOLGIMENTO, PER UNA CATECHESI CHE INIZIA&#8221; I 150 catechisti che hanno risposto all&#8217;appello, regalandosi una intera giornata di formazione, hanno avuto modo di essere accompagnati da&hellip;<\/p>\n<\/a>\n<\/div>\n<\/div>\n                           <div class=\"archiviolink text-end m-3\"><a href=\"\/ufficioliturgico\/category\/notizie\">Tutte le news<\/a><\/div>\n<\/div><\/div><\/div><\/div><\/div><div id=\"pgc-23-0-1\"  class=\"panel-grid-cell\" ><div id=\"panel-23-0-1-0\" class=\"so-panel widget widget_media_image panel-first-child\" data-index=\"1\" ><a href=\"https:\/\/www.patriarcatovenezia.it\/evangelizzazione-e-catechesi\/sulle-orme-di-marco-e-francesco\/\"><img loading=\"lazy\" decoding=\"async\" width=\"300\" height=\"165\" src=\"https:\/\/www.patriarcatovenezia.it\/evangelizzazione-e-catechesi\/wp-content\/uploads\/sites\/17\/2026\/03\/banner_MeF3-300x165.jpg\" class=\"image wp-image-8213  attachment-medium size-medium\" alt=\"\" style=\"max-width: 100%; height: auto;\" srcset=\"https:\/\/www.patriarcatovenezia.it\/evangelizzazione-e-catechesi\/wp-content\/uploads\/sites\/17\/2026\/03\/banner_MeF3-300x165.jpg 300w, https:\/\/www.patriarcatovenezia.it\/evangelizzazione-e-catechesi\/wp-content\/uploads\/sites\/17\/2026\/03\/banner_MeF3-1024x562.jpg 1024w, https:\/\/www.patriarcatovenezia.it\/evangelizzazione-e-catechesi\/wp-content\/uploads\/sites\/17\/2026\/03\/banner_MeF3-768x421.jpg 768w, https:\/\/www.patriarcatovenezia.it\/evangelizzazione-e-catechesi\/wp-content\/uploads\/sites\/17\/2026\/03\/banner_MeF3.jpg 1227w\" sizes=\"(max-width: 300px) 100vw, 300px\" \/><\/a><\/div><div id=\"panel-23-0-1-1\" class=\"so-panel widget widget_media_image\" data-index=\"2\" ><a href=\"https:\/\/www.patriarcatovenezia.it\/evangelizzazione-e-catechesi\/assisi-2026-il-pellegrinaggio-diocesano-dei-ragazzi\/\"><img loading=\"lazy\" decoding=\"async\" width=\"300\" height=\"130\" src=\"https:\/\/www.patriarcatovenezia.it\/evangelizzazione-e-catechesi\/wp-content\/uploads\/sites\/17\/2025\/11\/banner_Assisi2026-300x130.png\" class=\"image wp-image-6446  attachment-medium size-medium\" alt=\"\" style=\"max-width: 100%; height: auto;\" srcset=\"https:\/\/www.patriarcatovenezia.it\/evangelizzazione-e-catechesi\/wp-content\/uploads\/sites\/17\/2025\/11\/banner_Assisi2026-300x130.png 300w, https:\/\/www.patriarcatovenezia.it\/evangelizzazione-e-catechesi\/wp-content\/uploads\/sites\/17\/2025\/11\/banner_Assisi2026.png 488w\" sizes=\"(max-width: 300px) 100vw, 300px\" \/><\/a><\/div><div id=\"panel-23-0-1-2\" class=\"so-panel widget widget_sow-editor\" data-index=\"3\" ><div class=\"contattibox panel-widget-style panel-widget-style-for-23-0-1-2\" ><div\n\t\t\t\n\t\t\tclass=\"so-widget-sow-editor so-widget-sow-editor-base\"\n\t\t\t\n\t\t><h3 class=\"widget-title\">Contatti<\/h3>\n<div class=\"siteorigin-widget-tinymce textwidget\">\n\t<p><strong>Direttore<\/strong><br \/>\ndon Federico Bertotto<\/p>\n<p><strong>Segreteria<\/strong><br \/>\nAnna Marchiori<br \/>\ntel. 041 2702462<br \/>\ncatechistico@patriarcatovenezia.it<\/p>\n<h6>L\u2019Ufficio ha il compito di verificare, coordinare e promuovere l\u2019attivit\u00e0 di evangelizzazione e catechesi che si svolge in tutte le parrocchie e nelle realt\u00e0 associative presenti in Diocesi. Si prende cura della formazione dei catechisti delle varie fasce d\u2019et\u00e0 e attraverso di loro accompagna bambini, ragazzi e adulti all\u2019incontro personale con Cristo nella comunit\u00e0.<\/h6>\n<\/div>\n<\/div><\/div><\/div><div id=\"panel-23-0-1-3\" class=\"so-panel widget widget_bso-so-widget-all-in-one panel-last-child\" data-index=\"4\" ><div\n\t\t\t\n\t\t\tclass=\"so-widget-bso-so-widget-all-in-one so-widget-bso-so-widget-all-in-one-default-d75171398898-6643\"\n\t\t\t\n\t\t><div class=\"my-5 antepage\">                             <div class=\"item\">\n<a href=\"https:\/\/www.patriarcatovenezia.it\/evangelizzazione-e-catechesi\/2026\/03\/24\/2-itinerari-di-fede-e-arte-a-venezia-sulle-orme-di-marco-e-francesco\/\"><h1 class=\"entry-title\">2 itinerari di fede e arte a Venezia&#8230; sulle orme di Marco e Francesco<\/h1><\/a>\n<div class=\"miniatura mb-3\"><a href=\"https:\/\/www.patriarcatovenezia.it\/evangelizzazione-e-catechesi\/2026\/03\/24\/2-itinerari-di-fede-e-arte-a-venezia-sulle-orme-di-marco-e-francesco\/\"><img decoding=\"async\" src=\"https:\/\/www.patriarcatovenezia.it\/evangelizzazione-e-catechesi\/wp-content\/uploads\/sites\/17\/2026\/03\/catechesi_arte-300x225.jpg\" \/><\/a><\/div>\n<h2 class=\"sottotitolo\"><\/h2>\n<p class=\"summary\">Da met\u00e0 aprile verranno attivati 2 itinerari per gruppi\u00a0(max 25 persone) o anche semplici persone interessate ad approfondire &#8211; attraverso&hellip;<\/p>\n\t<\/a>\n<\/div>\n                           <\/div><\/div><\/div><\/div><\/div><\/div><\/div>","protected":false},"excerpt":{"rendered":"<p>Contatti Direttore don Federico Bertotto Segreteria Anna Marchiori tel. 041 2702462 catechistico@patriarcatovenezia.it L\u2019Ufficio ha il compito di verificare, coordinare e promuovere l\u2019attivit\u00e0 di evangelizzazione e catechesi che si svolge in tutte le parrocchie e nelle realt\u00e0 associative presenti in Diocesi. Si prende cura della formazione dei catechisti delle varie fasce d\u2019et\u00e0 e attraverso di loro [&hellip;]<\/p>\n","protected":false},"author":0,"featured_media":178,"parent":0,"menu_order":0,"comment_status":"closed","ping_status":"closed","template":"","meta":{"_acf_changed":false,"ip_address":"","user_agent":"","level":"","revision":"","cookie_id":"","page_referer":"","html_form":"","footnotes":""},"class_list":["post-23","page","type-page","status-publish","has-post-thumbnail","hentry"],"acf":[],"_links":{"self":[{"href":"https:\/\/www.patriarcatovenezia.it\/evangelizzazione-e-catechesi\/wp-json\/wp\/v2\/pages\/23"}],"collection":[{"href":"https:\/\/www.patriarcatovenezia.it\/evangelizzazione-e-catechesi\/wp-json\/wp\/v2\/pages"}],"about":[{"href":"https:\/\/www.patriarcatovenezia.it\/evangelizzazione-e-catechesi\/wp-json\/wp\/v2\/types\/page"}],"author":[{"embeddable":true,"href":"https:\/\/www.patriarcatovenezia.it\/evangelizzazione-e-catechesi\/wp-json\/wp\/v2\/users\/1"}],"replies":[{"embeddable":true,"href":"https:\/\/www.patriarcatovenezia.it\/evangelizzazione-e-catechesi\/wp-json\/wp\/v2\/comments?post=23"}],"version-history":[{"count":30,"href":"https:\/\/www.patriarcatovenezia.it\/evangelizzazione-e-catechesi\/wp-json\/wp\/v2\/pages\/23\/revisions"}],"predecessor-version":[{"id":8215,"href":"https:\/\/www.patriarcatovenezia.it\/evangelizzazione-e-catechesi\/wp-json\/wp\/v2\/pages\/23\/revisions\/8215"}],"wp:featuredmedia":[{"embeddable":true,"href":"https:\/\/www.patriarcatovenezia.it\/evangelizzazione-e-catechesi\/wp-json\/wp\/v2\/media\/178"}],"wp:attachment":[{"href":"https:\/\/www.patriarcatovenezia.it\/evangelizzazione-e-catechesi\/wp-json\/wp\/v2\/media?parent=23"}],"curies":[{"name":"wp","href":"https:\/\/api.w.org\/{rel}","templated":true}]}}