{"id":269,"date":"2019-08-07T09:53:23","date_gmt":"2019-08-07T07:53:23","guid":{"rendered":"https:\/\/venezia.webdiocesi.it\/caritas\/?page_id=269"},"modified":"2023-02-14T12:00:30","modified_gmt":"2023-02-14T11:00:30","slug":"progetti","status":"publish","type":"page","link":"https:\/\/www.patriarcatovenezia.it\/caritas\/progetti\/","title":{"rendered":"Progetti"},"content":{"rendered":"<div id=\"pl-269\"  class=\"panel-layout\" ><div id=\"pg-269-0\"  class=\"panel-grid panel-no-style\" ><div id=\"pgc-269-0-0\"  class=\"panel-grid-cell\" ><div id=\"panel-269-0-0-0\" class=\"so-panel widget widget_text panel-first-child panel-last-child\" data-index=\"0\" >\t\t\t<div class=\"textwidget\"><h3><em><span style=\"text-decoration: underline\"><strong><span style=\"color: black;text-decoration: underline\">PROGETTI IN CORSO<\/span><\/strong><\/span><\/em><\/h3>\n<\/div>\n\t\t<\/div><\/div><\/div><div id=\"pg-269-1\"  class=\"panel-grid panel-no-style\" ><div id=\"pgc-269-1-0\"  class=\"panel-grid-cell\" ><div id=\"panel-269-1-0-0\" class=\"so-panel widget panel-first-child panel-last-child\" data-index=\"1\" ><\/div><\/div><div id=\"pgc-269-1-1\"  class=\"panel-grid-cell\" ><div id=\"panel-269-1-1-0\" class=\"so-panel widget widget_text panel-first-child panel-last-child\" data-index=\"2\" >\t\t\t<div class=\"textwidget\"><p><strong>AMBULATORIO CARITAS DI PROSSIMIT\u00c0 \u201cSALUTE SENZA CONFINI\u201d<\/strong><\/p>\n<p>L\u2019ambulatorio di prossimit\u00e0 intende garantire il diritto alla salute e la promozione della dignit\u00e0 delle fasce pi\u00f9 deboli mettendo a disposizione, di tutte le persone e delle famiglie in difficolt\u00e0 e senza reddito, un importante servizio gratuito di assistenza medica specialistica di carattere essenziale o urgente.<\/p>\n<\/div>\n\t\t<\/div><\/div><\/div><div id=\"pg-269-2\"  class=\"panel-grid panel-no-style\" ><div id=\"pgc-269-2-0\"  class=\"panel-grid-cell\" ><div id=\"panel-269-2-0-0\" class=\"so-panel widget panel-first-child panel-last-child\" data-index=\"3\" ><\/div><\/div><div id=\"pgc-269-2-1\"  class=\"panel-grid-cell\" ><div id=\"panel-269-2-1-0\" class=\"so-panel widget widget_text panel-first-child panel-last-child\" data-index=\"4\" >\t\t\t<div class=\"textwidget\"><p><strong>PROGETTO CASA DI ACCOGLIENZA \u201cMUNEGHETTE\u201d<\/strong><\/p>\n<p>Il Progetto ha come fulcro l\u2019edificio \u201c<em>Pensionato Le Muneghette<\/em>\u201d di propriet\u00e0 dell\u2019IRE (Istituto di Ricovero e di Educazione Venezia), che si trova a Venezia, centro storico, ed \u00e8 una struttura di valore anche architettonico, che si sviluppa attorno a un grande cortile privato, composta di tre piani con stanze, singole o doppie, con servizi igienici e cucine comuni.<\/p>\n<\/div>\n\t\t<\/div><\/div><\/div><div id=\"pg-269-3\"  class=\"panel-grid panel-no-style\" ><div id=\"pgc-269-3-0\"  class=\"panel-grid-cell\" ><div id=\"panel-269-3-0-0\" class=\"so-panel widget panel-first-child panel-last-child\" data-index=\"5\" ><\/div><\/div><div id=\"pgc-269-3-1\"  class=\"panel-grid-cell\" ><div id=\"panel-269-3-1-0\" class=\"so-panel widget widget_text panel-first-child panel-last-child\" data-index=\"6\" >\t\t\t<div class=\"textwidget\"><p style=\"background: white\"><strong><span style=\"font-family: 'Arial',sans-serif;color: #222222\">SCUOLA DI LINGUA E CULTURA ITALIANA PER STRANIERI\u00a0<\/span><\/strong><span style=\"font-family: 'Arial',sans-serif;color: #222222\">in partenariato con la\u00a0<a href=\"https:\/\/www.giovannipaoloprimo.it\/\"><span style=\"color: #c11624;text-decoration: none\">Fondazione Giovanni Paolo Primo<\/span><\/a><\/span><\/p>\n<p style=\"background: white\"><span style=\"font-family: 'Arial',sans-serif;color: #222222\">Progetto di insegnamento della lingua italiana per stranieri rivolto all\u2019utenza straniera delle accoglienze diocesane ed aperto alla cittadinanza fino alla concorrenza di un numero di 40 posti.<\/span><\/p>\n<p style=\"background: white\"><span style=\"font-family: 'Arial',sans-serif;color: #222222\">L\u2019obiettivo \u00e8 fornire gli stranieri di strumenti conoscitivi utili all\u2019integrazione sul territorio, alla facilitazione dell\u2019accesso ai servizi pubblici e sociali, all\u2019autonomia nella tutela dei propri diritti e nella comprensione dei propri doveri durante la permanenza in Italia, per una maggiore condivisione del vivere civile caratterizzante il nostro stato sociale e ammortizzante conflittualit\u00e0 e incomprensioni. <\/span><\/p>\n<p style=\"background: white\"><span style=\"font-family: 'Arial',sans-serif;color: #222222\">Info: 328 266 2199<\/span><\/p>\n<\/div>\n\t\t<\/div><\/div><\/div><div id=\"pg-269-4\"  class=\"panel-grid panel-no-style\" ><div id=\"pgc-269-4-0\"  class=\"panel-grid-cell\" ><div id=\"panel-269-4-0-0\" class=\"so-panel widget panel-first-child panel-last-child\" data-index=\"7\" ><\/div><\/div><div id=\"pgc-269-4-1\"  class=\"panel-grid-cell\" ><div id=\"panel-269-4-1-0\" class=\"so-panel widget widget_text panel-first-child panel-last-child\" data-index=\"8\" >\t\t\t<div class=\"textwidget\"><p><strong>OSSERVATORIO DELLE POVERT\u00c0 2021-2022<\/strong><\/p>\n<p>Avere uno sguardo critico e attento sulla realt\u00e0, come punto di partenza, per conoscere il territorio, le dinamiche che in esso si sviluppano e le persone che lo abitano.\u00a0\u00c8 questo il primo obiettivo dell\u2019Osservatorio delle Povert\u00e0 e delle Risorse, uno strumento della Chiesa diocesana, affidato a Caritas. Alla conoscenza delle situazioni di povert\u00e0, di disagio, di emergenza e di esclusione delle realt\u00e0 locali, si affianca la valorizzazione delle risorse caritative, operanti nella Diocesi.<\/p>\n<\/div>\n\t\t<\/div><\/div><\/div><div id=\"pg-269-5\"  class=\"panel-grid panel-no-style\" ><div id=\"pgc-269-5-0\"  class=\"panel-grid-cell\" ><div id=\"panel-269-5-0-0\" class=\"so-panel widget panel-first-child panel-last-child\" data-index=\"9\" ><\/div><\/div><div id=\"pgc-269-5-1\"  class=\"panel-grid-cell\" ><div id=\"panel-269-5-1-0\" class=\"so-panel widget widget_text panel-first-child panel-last-child\" data-index=\"10\" >\t\t\t<div class=\"textwidget\"><p><strong>A.P.R.I.<\/strong>\u00a0<a href=\"https:\/\/inmigration.caritas.it\/node\/722\"><strong>Caritas italiana<\/strong><\/a><\/p>\n<p>In continuit\u00e0 con le precedenti edizioni del progetto \u201cProtetto. Rifugiato a casa mia\u201d prosegue il sostegno alle esperienze di accoglienza di persone gi\u00e0 presenti sul territorio nazionale che versano in una condizione di bisogno, di vulnerabilit\u00e0 e\/o emarginazione in funzione della loro integrazione. In tale ottica, \u00e8 previsto il necessario monitoraggio e accompagnamento di tali percorsi da parte della Caritas diocesana.<\/p>\n<p>Collaborazione con gruppo di sostegno Coro \u201cVoci dal mondo\u201d (10 accoglienze) + 1 accoglienza giovane nigeriana.<\/p>\n<p><strong>Materiale informativo<\/strong><\/p>\n<ul>\n<li><a href=\"https:\/\/venezia.webdiocesi.it\/caritas\/wp-content\/uploads\/sites\/14\/2020\/05\/Volantini-APri-e-Corridoi-Umanitari.pdf\">Volantini APRI e Corridoi Umanitari<\/a><\/li>\n<li><a href=\"https:\/\/inmigration.caritas.it\/sites\/default\/files\/2020-04\/LA%20COMUNIT%C3%A0%20AL%20CENTRO%20%288%29_0.pdf\">Cartolina promozionale<\/a><\/li>\n<li><a href=\"https:\/\/inmigration.caritas.it\/sites\/default\/files\/2020-04\/apri%20notizia%201%20aprile.pdf\">APRI non va in quarantena! Il progetto ai tempi del Covid 19<\/a><\/li>\n<li><a href=\"https:\/\/www.avvenire.it\/attualita\/pagine\/la-via-della-buona-accoglienza\">Articolo su Avvenire<\/a><\/li>\n<\/ul>\n<\/div>\n\t\t<\/div><\/div><\/div><div id=\"pg-269-6\"  class=\"panel-grid panel-no-style\" ><div id=\"pgc-269-6-0\"  class=\"panel-grid-cell\" ><div id=\"panel-269-6-0-0\" class=\"so-panel widget panel-first-child panel-last-child\" data-index=\"11\" ><\/div><\/div><div id=\"pgc-269-6-1\"  class=\"panel-grid-cell\" ><div id=\"panel-269-6-1-0\" class=\"so-panel widget widget_text panel-first-child panel-last-child\" data-index=\"12\" >\t\t\t<div class=\"textwidget\"><p><strong>SPAZIO PAROLA OLTRE LE DISTANZE\u00a0<\/strong><\/p>\n<p>Progetto di supporto psicologico su\u00a0<em><strong>numero verde<\/strong><\/em>\u00a0in tempo di emergenza sanitaria da SARS-Cov-2.<\/p>\n<p>Caritas Veneziana non pu\u00f2 ignorare le paure, le insicurezze, la tristezza, lo stress, il senso di impotenza, che questo virus porta con s\u00e9 nelle case e sulle strade. Ecco perch\u00e9 lo spazio parola, che Caritas Veneziana ha sempre riservato a chi ha bisogno di ascolto, deve continuare ad esistere oltre le distanze.<\/p>\n<p>Per questo Caritas Veneziana ha pensato di continuare ad assicurare l\u2019ascolto ed un supporto psicologico telefonico a tutti coloro che gi\u00e0 seguiva, e a tutti coloro che sentono, anche per la prima volta, di avere bisogno di supporto psicologico, in questo tempo di angoscia e paura.<\/p>\n<\/div>\n\t\t<\/div><\/div><\/div><div id=\"pg-269-7\"  class=\"panel-grid panel-no-style\" ><div id=\"pgc-269-7-0\"  class=\"panel-grid-cell\" ><div id=\"panel-269-7-0-0\" class=\"so-panel widget panel-first-child panel-last-child\" data-index=\"13\" ><\/div><\/div><div id=\"pgc-269-7-1\"  class=\"panel-grid-cell\" ><div id=\"panel-269-7-1-0\" class=\"so-panel widget widget_text panel-first-child panel-last-child\" data-index=\"14\" >\t\t\t<div class=\"textwidget\"><p><strong><em>Di cosa parliamo?\u00a0<\/em><\/strong>\u00c8 il progetto editoriale e sociale nato attorno ad un mensile intitolato \u201cScarp de\u2019 tenis\u201d che racconta in modo semplice e chiaro le tematiche della povert\u00e0, della emarginazione e della strada\u2026.ma con gli occhi e le parole di chi le vive!<\/p>\n<p>L\u2019idea \u00e8 nata oltre venti anni fa a Milano e oggi \u00e8 ormai presente in tantissime citt\u00e0 italiane. Da pochi mesi anche nella nostra diocesi.<\/p>\n<p>Scarp \u00e8\u00a0<strong>diffuso e\u00a0<\/strong>(in parte)\u00a0<strong>scritto da persone gravemente emarginate e senza dimora<\/strong>, soggetti che conoscono o hanno conosciuto la vita di strada, i dormitori, l\u2019esclusione, la difficolt\u00e0 di un reinserimento sociale e lavorativo. Per costoro \u00e8 un\u2019occasione di espressione, di affermazione della propria dignit\u00e0, di lavoro, di integrazione del reddito, di ricostruzione delle capacit\u00e0 relazionali. Ciascuno dei venditori e molti degli autori\u00a0<strong>sono seguiti<\/strong>, nel percorso di recupero e reinserimento,\u00a0<strong>da operatori e servizi Caritas<\/strong>.<\/p>\n<p><em>Scarp de\u2019 tenis o<\/em>ggi ha una tiratura totale nazionale di\u00a0<strong>14 mila copie a numero<\/strong>. Qui a\u00a0<strong>Venezia<\/strong>, coinvolgendo 8 venditori che si turnano, ogni mese si sono vendute circa\u00a0<strong>400<\/strong>\u00a0copie.<br \/>\nIn dieci anni il progetto ha dato sostegno, per periodi brevi o lunghi, a circa\u00a0<em>600 persone\u00a0<\/em>senza casa o in condizioni di grave difficolt\u00e0. Circa\u00a0<em>50 persone senza dimora hanno trovato casa e lavoro stabili\u00a0<\/em>grazie a\u00a0<em>Scarp<\/em>.<\/p>\n<p><strong>Al venditore\u00a0<\/strong>spetta<strong>\u00a01 euro x ogni copia venduta\u00a0<\/strong>e il resto (2,50 euro x ogni copia) all\u2019editore. Ogni venditore \u00e8 riconoscibile perch\u00e9 indossa una\u00a0<em>borsa, un cappellino e una pettorina di colore rosso<\/em>.<\/p>\n<p><strong><a href=\"http:\/\/www.blogdetenis.it\/\">www.blogdetenis.it<\/a><\/strong><\/p>\n<\/div>\n\t\t<\/div><\/div><\/div><div id=\"pg-269-8\"  class=\"panel-grid panel-no-style\" ><div id=\"pgc-269-8-0\"  class=\"panel-grid-cell\" ><div id=\"panel-269-8-0-0\" class=\"so-panel widget widget_text panel-first-child panel-last-child\" data-index=\"15\" >\t\t\t<div class=\"textwidget\"><h3><em><span style=\"text-decoration: underline\"><strong><span style=\"color: black;text-decoration: underline\">PROGETTI IN FASE DI AVVIO<\/span><\/strong><\/span><\/em><\/h3>\n<\/div>\n\t\t<\/div><\/div><\/div><div id=\"pg-269-9\"  class=\"panel-grid panel-no-style\" ><div id=\"pgc-269-9-0\"  class=\"panel-grid-cell\" ><div id=\"panel-269-9-0-0\" class=\"so-panel widget widget_text panel-first-child panel-last-child\" data-index=\"16\" >\t\t\t<div class=\"textwidget\"><h3><em><span style=\"text-decoration: underline\"><strong><span style=\"color: black;text-decoration: underline\">PROGETTI CONCLUSI<\/span><\/strong><\/span><\/em><\/h3>\n<\/div>\n\t\t<\/div><\/div><\/div><div id=\"pg-269-10\"  class=\"panel-grid panel-no-style\" ><div id=\"pgc-269-10-0\"  class=\"panel-grid-cell\" ><div id=\"panel-269-10-0-0\" class=\"so-panel widget panel-first-child panel-last-child\" data-index=\"17\" ><\/div><\/div><div id=\"pgc-269-10-1\"  class=\"panel-grid-cell\" ><div id=\"panel-269-10-1-0\" class=\"so-panel widget widget_text panel-first-child panel-last-child\" data-index=\"18\" >\t\t\t<div class=\"textwidget\"><p style=\"background: white\"><strong><span style=\"font-family: 'Arial',sans-serif;color: #222222\">CORRIDOI UNIVERSITARI\u00a0<\/span><\/strong><span style=\"font-family: 'Arial',sans-serif;color: #222222\">in partenariato con universit\u00e0\u00a0<a href=\"http:\/\/www.iuav.it\/\"><span style=\"color: #c11624;text-decoration: none\">IUAV<\/span><\/a>\u00a0di Venezia<\/span><\/p>\n<p style=\"background: white\"><span style=\"font-family: 'Arial',sans-serif;color: #222222\">Caritas Italiana ha intenzione di aderire al consorzio coordinato da\u00a0<a href=\"https:\/\/www.unhcr.it\/\"><span style=\"color: #c11624;text-decoration: none\">UNHCR<\/span><\/a>\u00a0e il Ministero degli affari esteri e della cooperazione internazionale (<a href=\"https:\/\/www.esteri.it\/mae\/it\/servizi\/italiani\/opportunita\/al_mae\"><span style=\"color: #c11624;text-decoration: none\">MAECI<\/span><\/a>) finalizzato a istituire la seconda edizione dei corridoi universitari per i rifugiati dall\u2019Etiopia all\u2019Italia. Pertanto, Caritas Veneziana, selezionata da\u00a0<a href=\"https:\/\/inmigration.caritas.it\/Progetti%20Nazionali\/Corridoi%20universitari%20per%20rifugiati\"><span style=\"color: #c11624;text-decoration: none\">Caritas italiana<\/span><\/a>, si \u00e8 messa a disposizione per l\u2019accoglienza di n.2 studenti rifugiati (<em style=\"line-height: inherit\"><span style=\"font-family: 'Arial',sans-serif\">arrivo previsto per settembre 2020)\u00a0<\/span><\/em>che beneficeranno di due borse di studio bandite dall\u2019<a href=\"http:\/\/www.iuav.it\/\"><span style=\"color: #c11624;text-decoration: none\">Universit\u00e0 Iuav di Venezia<\/span><\/a>\u00a0che aderisce al progetto \u201cUniversity Corridors for Refugees \u2013 UNICORE 2.0 (Ethiopia \u2013 2020\/2022)\u201d come passo successivo all\u2019adesione al Manifesto dell\u2019Universit\u00e0 inclusiva.<\/span><\/p>\n<\/div>\n\t\t<\/div><\/div><\/div><div id=\"pg-269-11\"  class=\"panel-grid panel-no-style\" ><div id=\"pgc-269-11-0\"  class=\"panel-grid-cell\" ><div id=\"panel-269-11-0-0\" class=\"so-panel widget panel-first-child panel-last-child\" data-index=\"19\" ><\/div><\/div><div id=\"pgc-269-11-1\"  class=\"panel-grid-cell\" ><div id=\"panel-269-11-1-0\" class=\"so-panel widget widget_text panel-first-child panel-last-child\" data-index=\"20\" >\t\t\t<div class=\"textwidget\"><p style=\"background: white\"><strong><span style=\"font-family: 'Arial',sans-serif;color: #222222\">COORDINAMENTO RETE DI SOLIDARIET\u00c0 DIOCESANA per emergenza SARS-Cov-2<\/span><\/strong><\/p>\n<p style=\"background: white\"><span style=\"font-family: 'Arial',sans-serif;color: #222222\">Gestione Numero Verde e mail \u201cSOS Caritas\u201d e distribuzione di viveri e buoni.<\/span><\/p>\n<\/div>\n\t\t<\/div><\/div><\/div><div id=\"pg-269-12\"  class=\"panel-grid panel-no-style\" ><div id=\"pgc-269-12-0\"  class=\"panel-grid-cell\" ><div id=\"panel-269-12-0-0\" class=\"so-panel widget panel-first-child panel-last-child\" data-index=\"21\" ><\/div><\/div><div id=\"pgc-269-12-1\"  class=\"panel-grid-cell\" ><div id=\"panel-269-12-1-0\" class=\"so-panel widget widget_text panel-first-child panel-last-child\" data-index=\"22\" >\t\t\t<div class=\"textwidget\"><p style=\"background: white\"><strong><span style=\"font-family: 'Arial',sans-serif;color: #222222\">COORDINAMENTO FONDO SAN NICOL\u00d2<\/span><\/strong><\/p>\n<\/div>\n\t\t<\/div><\/div><\/div><div id=\"pg-269-13\"  class=\"panel-grid panel-no-style\" ><div id=\"pgc-269-13-0\"  class=\"panel-grid-cell\" ><div id=\"panel-269-13-0-0\" class=\"so-panel widget panel-first-child panel-last-child\" data-index=\"23\" ><\/div><\/div><div id=\"pgc-269-13-1\"  class=\"panel-grid-cell\" ><div id=\"panel-269-13-1-0\" class=\"so-panel widget widget_text panel-first-child panel-last-child\" data-index=\"24\" >\t\t\t<div class=\"textwidget\"><p><strong>CORRIDOI UMANITARI di <a href=\"https:\/\/inmigration.caritas.it\/progetti-nazionali\/corridoi-umanitari\">Caritas italiana<\/a><\/strong><\/p>\n<p>I Corridoi Umanitari rappresentano una via legale e sicura per le persone costrette a fuggire da guerre e persecuzioni,\u00a0messa in atto per combattere\u00a0i trafficanti, scongiurare le morti in mare e garantire sicurezza ai migranti e a\u00a0coloro che li accolgono.<\/p>\n<p>La parrocchia &#8220;Maria Immacolata e S. Vigilio&#8221; di Zelarino ha aderito al progetto.<\/p>\n<p>&nbsp;<\/p>\n<\/div>\n\t\t<\/div><\/div><\/div><\/div>","protected":false},"excerpt":{"rendered":"<p>PROGETTI IN CORSO AMBULATORIO CARITAS DI PROSSIMIT\u00c0 \u201cSALUTE SENZA CONFINI\u201d L\u2019ambulatorio di prossimit\u00e0 intende garantire il diritto alla salute e la promozione della dignit\u00e0 delle fasce pi\u00f9 deboli mettendo a disposizione, di tutte le persone e delle famiglie in difficolt\u00e0 e senza reddito, un importante servizio gratuito di assistenza medica specialistica di carattere essenziale o [&hellip;]<\/p>\n","protected":false},"author":0,"featured_media":0,"parent":0,"menu_order":0,"comment_status":"closed","ping_status":"closed","template":"","meta":{"_acf_changed":false,"ip_address":"","user_agent":"","level":"","revision":"","cookie_id":"","page_referer":"","html_form":"","footnotes":""},"class_list":["post-269","page","type-page","status-publish","hentry"],"acf":[],"_links":{"self":[{"href":"https:\/\/www.patriarcatovenezia.it\/caritas\/wp-json\/wp\/v2\/pages\/269"}],"collection":[{"href":"https:\/\/www.patriarcatovenezia.it\/caritas\/wp-json\/wp\/v2\/pages"}],"about":[{"href":"https:\/\/www.patriarcatovenezia.it\/caritas\/wp-json\/wp\/v2\/types\/page"}],"author":[{"embeddable":true,"href":"https:\/\/www.patriarcatovenezia.it\/caritas\/wp-json\/wp\/v2\/users\/10"}],"replies":[{"embeddable":true,"href":"https:\/\/www.patriarcatovenezia.it\/caritas\/wp-json\/wp\/v2\/comments?post=269"}],"version-history":[{"count":29,"href":"https:\/\/www.patriarcatovenezia.it\/caritas\/wp-json\/wp\/v2\/pages\/269\/revisions"}],"predecessor-version":[{"id":1121,"href":"https:\/\/www.patriarcatovenezia.it\/caritas\/wp-json\/wp\/v2\/pages\/269\/revisions\/1121"}],"wp:attachment":[{"href":"https:\/\/www.patriarcatovenezia.it\/caritas\/wp-json\/wp\/v2\/media?parent=269"}],"curies":[{"name":"wp","href":"https:\/\/api.w.org\/{rel}","templated":true}]}}